{"id":15070,"date":"2016-07-03T10:47:53","date_gmt":"2016-07-03T14:47:53","guid":{"rendered":"https:\/\/cimbcc.org\/test2\/?page_id=15070"},"modified":"2024-08-02T21:14:26","modified_gmt":"2024-08-03T01:14:26","slug":"andre-bergeron","status":"publish","type":"page","link":"https:\/\/cimbcc.org\/test2\/a-propos-du-club\/nos-membres-honoraires\/andre-bergeron\/","title":{"rendered":"Andr\u00e9 Bergeron"},"content":{"rendered":"<blockquote><p><span style=\"color: #333333;\">Andr\u00e9 est arriv\u00e9 au Club au d\u00e9but de la saison 1997-1998,<br \/>\nle 15\u00a0septembre 1997. <\/span><\/p>\n<h4><span style=\"color: #333333;\"><em>R\u00e9alisations remarquables au sein du\u00a0CIMBCC<\/em><\/span><\/h4>\n<\/blockquote>\n<p><span style=\"color: #000000;\">C\u2019est la saison durant laquelle Bill Petrie a commenc\u00e9 l\u2019initiation \u00e0 Internet des membres du Club informatique. Et pour ce faire, Bill accepta de cr\u00e9er le site du Club \u00e0 l\u2019adresse \u00ab cimbcc.qc.ca \u00bb dont sa compagnie Sapience \u00e9tait l\u2019h\u00f4te.<\/span><\/p>\n<figure id=\"attachment_16967\" aria-describedby=\"caption-attachment-16967\" style=\"width: 360px\" class=\"wp-caption aligncenter\"><img loading=\"lazy\" decoding=\"async\" class=\"size-full wp-image-16967\" src=\"https:\/\/cimbcc.org\/test2\/wp-content\/uploads\/photo_honor_bergeron_02.jpg\" alt=\"photo_honor_bergeron_02\" width=\"360\" height=\"504\" srcset=\"https:\/\/cimbcc.org\/test2\/wp-content\/uploads\/photo_honor_bergeron_02.jpg 360w, https:\/\/cimbcc.org\/test2\/wp-content\/uploads\/photo_honor_bergeron_02-214x300.jpg 214w\" sizes=\"auto, (max-width: 360px) 100vw, 360px\" \/><figcaption id=\"caption-attachment-16967\" class=\"wp-caption-text\">Andr\u00e9 Bergeron<\/figcaption><\/figure>\n<p>En collaboration avec Michel Paul, Andr\u00e9 est donc devenu notre webmestre et il a consacr\u00e9 plusieurs heures par semaine \u00e0 nous communiquer les informations du Club.<\/p>\n<figure id=\"attachment_16969\" aria-describedby=\"caption-attachment-16969\" style=\"width: 360px\" class=\"wp-caption aligncenter\"><img loading=\"lazy\" decoding=\"async\" class=\"size-full wp-image-16969\" src=\"https:\/\/cimbcc.org\/test2\/wp-content\/uploads\/photo_honor_bergeron_03.jpg\" alt=\"photo_honor_bergeron_03\" width=\"360\" height=\"504\" srcset=\"https:\/\/cimbcc.org\/test2\/wp-content\/uploads\/photo_honor_bergeron_03.jpg 360w, https:\/\/cimbcc.org\/test2\/wp-content\/uploads\/photo_honor_bergeron_03-214x300.jpg 214w\" sizes=\"auto, (max-width: 360px) 100vw, 360px\" \/><figcaption id=\"caption-attachment-16969\" class=\"wp-caption-text\">Andr\u00e9 Bergeron et Michel Paul, Vieux Presbyt\u00e8re, 2000<\/figcaption><\/figure>\n<h4><span style=\"color: #333333;\">Trois ans de bons services \u00e0 la direction du Club<\/span><\/h4>\n<p>L\u2019ann\u00e9e suivante, il s\u2019est pr\u00e9sent\u00e9 au poste de vice-pr\u00e9sident et, comme d\u00e9fini dans les politiques d\u2019alors, il est devenu pr\u00e9sident la saison suivante et ex-pr\u00e9sident la saison d\u2019apr\u00e8s. Par la suite, il a continu\u00e9 \u00e0 servir dans l\u2019ex\u00e9cutif et \u00e0 participer activement \u00e0 diff\u00e9rents projets.<\/p>\n<figure id=\"attachment_16971\" aria-describedby=\"caption-attachment-16971\" style=\"width: 500px\" class=\"wp-caption aligncenter\"><img loading=\"lazy\" decoding=\"async\" class=\"size-full wp-image-16971\" src=\"https:\/\/cimbcc.org\/test2\/wp-content\/uploads\/photo_honor_bergeron_04.jpg\" alt=\"photo_honor_bergeron_04\" width=\"500\" height=\"360\" srcset=\"https:\/\/cimbcc.org\/test2\/wp-content\/uploads\/photo_honor_bergeron_04.jpg 500w, https:\/\/cimbcc.org\/test2\/wp-content\/uploads\/photo_honor_bergeron_04-300x216.jpg 300w\" sizes=\"auto, (max-width: 500px) 100vw, 500px\" \/><figcaption id=\"caption-attachment-16971\" class=\"wp-caption-text\">Andr\u00e9 Bergeron et Albert Richard, Vieux Presbyt\u00e8re, 2000<\/figcaption><\/figure>\n<h4><span style=\"color: #333333;\">Documentation et formation<\/span><\/h4>\n<p><span style=\"color: #333333;\">Andr\u00e9 ne s\u2019est pas arr\u00eat\u00e9 l\u00e0. Il est devenu pour un certain temps le documentaliste du Club. De plus, il a particip\u00e9 activement avec Roland Babin \u00e0 la mise en place de cours \u00e0 la biblioth\u00e8que de 2001 \u00e0 2003.<\/span><\/p>\n<p>Que ce soit au Vieux Presbyt\u00e8re ou au Centre communautaire, Andr\u00e9 s\u2019est occup\u00e9 \u00e9galement de l\u2019entretien et du montage du projecteur pour les pr\u00e9sentations hebdomadaires.<\/p>\n<p>Andr\u00e9 a pleinement m\u00e9rit\u00e9 son titre de membre honoraire re\u00e7u en 2011.<\/p>\n<p>&nbsp;<\/p>\n<address><span style=\"font-size: x-small;\">Derni\u00e8re r\u00e9vision de cette page : ao\u00fbt 2024.<br \/>\n<\/span><span style=\"font-size: x-small;\">Responsable de la mise \u00e0 jour de cette page : Richard Gervais.\u00a0<\/span><\/address>\n<p>&nbsp;<\/p>\n","protected":false},"excerpt":{"rendered":"<p>Andr\u00e9 est arriv\u00e9 au Club au d\u00e9but de la saison 1997-1998, le 15\u00a0septembre 1997. R\u00e9alisations remarquables au sein du\u00a0CIMBCC C\u2019est la saison durant laquelle Bill Petrie a commenc\u00e9 l\u2019initiation \u00e0 Internet des membres du Club informatique. Et pour ce faire, Bill accepta de cr\u00e9er le site du Club \u00e0 l\u2019adresse \u00ab cimbcc.qc.ca \u00bb dont sa &hellip; <a href=\"https:\/\/cimbcc.org\/test2\/a-propos-du-club\/nos-membres-honoraires\/andre-bergeron\/\" class=\"more-link\">Continuer la lecture de <span class=\"screen-reader-text\">Andr\u00e9 Bergeron<\/span>  <span class=\"meta-nav\">&rarr;<\/span><\/a><\/p>\n","protected":false},"author":3,"featured_media":16965,"parent":15064,"menu_order":10,"comment_status":"closed","ping_status":"closed","template":"","meta":{"footnotes":""},"class_list":["post-15070","page","type-page","status-publish","has-post-thumbnail","hentry"],"_links":{"self":[{"href":"https:\/\/cimbcc.org\/test2\/wp-json\/wp\/v2\/pages\/15070","targetHints":{"allow":["GET"]}}],"collection":[{"href":"https:\/\/cimbcc.org\/test2\/wp-json\/wp\/v2\/pages"}],"about":[{"href":"https:\/\/cimbcc.org\/test2\/wp-json\/wp\/v2\/types\/page"}],"author":[{"embeddable":true,"href":"https:\/\/cimbcc.org\/test2\/wp-json\/wp\/v2\/users\/3"}],"replies":[{"embeddable":true,"href":"https:\/\/cimbcc.org\/test2\/wp-json\/wp\/v2\/comments?post=15070"}],"version-history":[{"count":32,"href":"https:\/\/cimbcc.org\/test2\/wp-json\/wp\/v2\/pages\/15070\/revisions"}],"predecessor-version":[{"id":49831,"href":"https:\/\/cimbcc.org\/test2\/wp-json\/wp\/v2\/pages\/15070\/revisions\/49831"}],"up":[{"embeddable":true,"href":"https:\/\/cimbcc.org\/test2\/wp-json\/wp\/v2\/pages\/15064"}],"wp:featuredmedia":[{"embeddable":true,"href":"https:\/\/cimbcc.org\/test2\/wp-json\/wp\/v2\/media\/16965"}],"wp:attachment":[{"href":"https:\/\/cimbcc.org\/test2\/wp-json\/wp\/v2\/media?parent=15070"}],"curies":[{"name":"wp","href":"https:\/\/api.w.org\/{rel}","templated":true}]}}