{"id":15073,"date":"2016-07-03T10:49:10","date_gmt":"2016-07-03T14:49:10","guid":{"rendered":"https:\/\/cimbcc.org\/test2\/?page_id=15073"},"modified":"2026-02-15T13:20:12","modified_gmt":"2026-02-15T18:20:12","slug":"oscar-bigras","status":"publish","type":"page","link":"https:\/\/cimbcc.org\/test2\/a-propos-du-club\/nos-membres-honoraires\/oscar-bigras\/","title":{"rendered":"Fr\u00e8re Oscar Bigras"},"content":{"rendered":"<div class=\"wp-block-image wp-image-15923 size-full\">\n<figure class=\"aligncenter\"><img loading=\"lazy\" decoding=\"async\" width=\"900\" height=\"400\" src=\"https:\/\/cimbcc.org\/test2\/wp-content\/uploads\/photo_honor_bigras_02.jpg\" alt=\"photo_honor_bigras_02\" class=\"wp-image-15923\" srcset=\"https:\/\/cimbcc.org\/test2\/wp-content\/uploads\/photo_honor_bigras_02.jpg 900w, https:\/\/cimbcc.org\/test2\/wp-content\/uploads\/photo_honor_bigras_02-300x133.jpg 300w, https:\/\/cimbcc.org\/test2\/wp-content\/uploads\/photo_honor_bigras_02-768x341.jpg 768w\" sizes=\"auto, (max-width: 900px) 100vw, 900px\" \/><figcaption class=\"wp-element-caption\">N\u00e9 en 1918, Oscar Bigras r\u00e9sidait, \u00e0 son d\u00e9c\u00e8s, \u00e0 la R\u00e9sidence De-La-Salle, situ\u00e9e au 300, chemin Du Bord-de-l\u2019Eau \u00e0 Laval. Il est \u00e0 gauche dans la photo ci-dessus, avec Jean Presne, \u00e0 droite.<\/figcaption><\/figure>\n<\/div>\n\n\n<h4 class=\"wp-block-heading\">M\u00e9tier ou profession<\/h4>\n\n\n\n<p>Extrait de l&rsquo;<a href=\"https:\/\/federationgenealogie.qc.ca\/bases-de-donnees\/avis-de-deces\/fiche?avisID=7830308\" target=\"_blank\" rel=\"noopener\">avis de d\u00e9c\u00e8s<\/a> paru dans <em>La Presse<\/em> :<\/p>\n\n\n\n<p><em>\u00ab Religieux-\u00e9ducateur, il s\u2019est d\u00e9pens\u00e9 dans les \u00e9coles et coll\u00e8ges pendant 45 ans comme enseignant et directeur (\u00e0 Sainte-Th\u00e9r\u00e8se de Blainville, \u00e0 Saint-Lin des Laurentides, au Juv\u00e9nat de Saint-Bruno, \u00e0 Saint-Narcisse de Champlain, \u00e0 Sainte-Anne-des-Plaines, au Grand Juv\u00e9nat de Mascouche, ainsi qu\u2019au S\u00e9minaire Sainte-Trinit\u00e9).<\/em><\/p>\n\n\n\n<p><em>Homme aux multiples talents, il s\u2019adonne, \u00e0 l\u2019heure de la retraite professionnelle, \u00e0 plusieurs activit\u00e9s dont l\u2019enseignement de la sculpture et l\u2019entretien du cimeti\u00e8re communautaire dans le parc du Mont Saint-Bruno, en plus d\u2019offrir de son temps aux archivistes de la communaut\u00e9. \u00bb<\/em><\/p>\n\n\n\n<h4 class=\"wp-block-heading\">R\u00e9alisations remarquables au sein du&nbsp;CIMBCC<\/h4>\n\n\n\n<p><span style=\"color: #333333;\">Il est un exemple pour sa cr\u00e9ativit\u00e9, sa pers\u00e9v\u00e9rance et son sens de la p\u00e9dagogie dans ses r\u00e9alisations.<\/span><\/p>\n\n\n\n<p>Oscar Bigras a \u00e9t\u00e9 membre du Club plusieurs ann\u00e9es \u00e0 partir 1985. En ce temps-l\u00e0, les r\u00e9unions se tenaient souvent dans des maisons priv\u00e9es et, par la suite, au Vieux-Presbyt\u00e8re.<\/p>\n\n\n\n<p>Il est redevenu membre du Club en 2007 alors qu\u2019il avait 88 ans.<br>Il a quitt\u00e9 le Club en 2013 lorsqu\u2019il a d\u00e9m\u00e9nag\u00e9 \u00e0 Laval pour des raisons de sant\u00e9.<\/p>\n\n\n<div class=\"wp-block-image wp-image-15968 size-full\">\n<figure class=\"aligncenter\"><img loading=\"lazy\" decoding=\"async\" width=\"900\" height=\"400\" src=\"https:\/\/cimbcc.org\/test2\/wp-content\/uploads\/photo_honor_bigras_07.jpg\" alt=\"photo_honor_bigras_07\" class=\"wp-image-15968\" srcset=\"https:\/\/cimbcc.org\/test2\/wp-content\/uploads\/photo_honor_bigras_07.jpg 900w, https:\/\/cimbcc.org\/test2\/wp-content\/uploads\/photo_honor_bigras_07-300x133.jpg 300w, https:\/\/cimbcc.org\/test2\/wp-content\/uploads\/photo_honor_bigras_07-768x341.jpg 768w\" sizes=\"auto, (max-width: 900px) 100vw, 900px\" \/><figcaption class=\"wp-element-caption\">Le fr\u00e8re Oscar Bigras\u00a0\u00e0\u00a0sa R\u00e9sidence De-La-Salle. H\u00e9l\u00e8ne Presne, R\u00e9jean Cot\u00e9 et Fr\u00e8re Oscar Bigras<\/figcaption><\/figure>\n<\/div>\n\n\n<p><span style=\"color: #333333;\">Par son d\u00e9sir d\u2019apprendre, son ouverture aux nouvelles technologies et ses r\u00e9alisations malgr\u00e9 son \u00e2ge v\u00e9n\u00e9rable, il est une source d\u2019inspiration pour tous les membres du Club et un ambassadeur pour le Club.<\/span><\/p>\n\n\n\n<h4 class=\"wp-block-heading\"><strong>Contributions \u00e0 l\u2019encyclop\u00e9die Wikip\u00e9dia<\/strong><\/h4>\n\n\n\n<p>De 2008 \u00e0 2010,&nbsp;Oscar Bigras a \u00e9t\u00e9 un contributeur r\u00e9gulier \u00e0 l\u2019encyclop\u00e9die <strong><em>Wikip\u00e9dia<\/em><\/strong>. Il a cr\u00e9\u00e9 trois articles dans l\u2019encyclop\u00e9die et il en a modifi\u00e9 105 autres pour un total de 438 contributions.<br>Encore r\u00e9cemment, \u00e0 l\u2019\u00e2ge de 97 ans, il faisait occasionnellement des contributions \u00e0 l\u2019encyclop\u00e9die.<\/p>\n\n\n\n<h4 class=\"wp-block-heading\"><strong>Production de diaporamas<\/strong><\/h4>\n\n\n\n<p>Pour plusieurs fr\u00e8res de la congr\u00e9gation, le fr\u00e8re Oscar a r\u00e9alis\u00e9 de leur vivant un diaporama d\u00e9crivant ce que fut leur parcours de vie. Ce diaporama est ajout\u00e9 \u00e0 leur notice n\u00e9crologique retranscrite sur l\u2019un ou l\u2019autre de&nbsp;ses sites.<\/p>\n\n\n\n<h4 class=\"wp-block-heading\"><strong>Cr\u00e9ation de sites Web<\/strong><\/h4>\n\n\n\n<p>Cliquez sur les images des sites Web pour y aller.<\/p>\n\n\n\n<hr class=\"wp-block-separator has-alpha-channel-opacity\"\/>\n\n\n\n<h5 class=\"wp-block-heading\"><em>Arbotetum gabrielis<\/em><\/h5>\n\n\n<div class=\"wp-block-image\">\n<figure class=\"aligncenter\"><a href=\"https:\/\/arboretum8gabrielis.wordpress.com\/\" rel=\"noopener\"><img loading=\"lazy\" decoding=\"async\" width=\"500\" height=\"360\" src=\"https:\/\/cimbcc.org\/test2\/wp-content\/uploads\/photo_honor_bigras_08_1.jpg\" alt=\"photo_honor_bigras_08_1\" class=\"wp-image-17198\" srcset=\"https:\/\/cimbcc.org\/test2\/wp-content\/uploads\/photo_honor_bigras_08_1.jpg 500w, https:\/\/cimbcc.org\/test2\/wp-content\/uploads\/photo_honor_bigras_08_1-300x216.jpg 300w\" sizes=\"auto, (max-width: 500px) 100vw, 500px\" \/><\/a><figcaption class=\"wp-element-caption\">Arboretum Gabrielis | https:\/\/arboretum8gabrielis.wordpress.com<\/figcaption><\/figure>\n<\/div>\n\n\n<p>Cr\u00e9\u00e9 par Oscar Bigras et mis en ligne en octobre 2012, le site traite des arbres et des arbustes de l\u2019<a href=\"https:\/\/stbruno.ca\/culture\/attraits\/larboretum-gabrielis\/\" target=\"_blank\" rel=\"noopener\"><strong><em>Arboretum Gabri\u00e9lis<\/em><\/strong><\/a> situ\u00e9s dans le <strong><em>parc du Mont Saint-Bruno<\/em><\/strong>.<\/p>\n\n\n\n<figure class=\"wp-block-gallery has-nested-images columns-1 is-cropped wp-block-gallery-1 is-layout-flex wp-block-gallery-is-layout-flex\">\n<figure class=\"wp-block-image size-large\"><img loading=\"lazy\" decoding=\"async\" width=\"900\" height=\"400\" data-id=\"15957\" src=\"https:\/\/cimbcc.org\/test2\/wp-content\/uploads\/photo_honor_bigras_04.jpg\" alt=\"photo_honor_bigras_04\" class=\"wp-image-15957\" srcset=\"https:\/\/cimbcc.org\/test2\/wp-content\/uploads\/photo_honor_bigras_04.jpg 900w, https:\/\/cimbcc.org\/test2\/wp-content\/uploads\/photo_honor_bigras_04-300x133.jpg 300w, https:\/\/cimbcc.org\/test2\/wp-content\/uploads\/photo_honor_bigras_04-768x341.jpg 768w\" sizes=\"auto, (max-width: 900px) 100vw, 900px\" \/><\/figure>\n\n\n\n<figure class=\"wp-block-image size-large\"><img loading=\"lazy\" decoding=\"async\" width=\"900\" height=\"400\" data-id=\"15958\" src=\"https:\/\/cimbcc.org\/test2\/wp-content\/uploads\/photo_honor_bigras_05.jpg\" alt=\"photo_honor_bigras_05\" class=\"wp-image-15958\" srcset=\"https:\/\/cimbcc.org\/test2\/wp-content\/uploads\/photo_honor_bigras_05.jpg 900w, https:\/\/cimbcc.org\/test2\/wp-content\/uploads\/photo_honor_bigras_05-300x133.jpg 300w, https:\/\/cimbcc.org\/test2\/wp-content\/uploads\/photo_honor_bigras_05-768x341.jpg 768w\" sizes=\"auto, (max-width: 900px) 100vw, 900px\" \/><\/figure>\n\n\n\n<figure class=\"wp-block-image size-large\"><img loading=\"lazy\" decoding=\"async\" width=\"900\" height=\"400\" data-id=\"15959\" src=\"https:\/\/cimbcc.org\/test2\/wp-content\/uploads\/photo_honor_bigras_06.jpg\" alt=\"photo_honor_bigras_06\" class=\"wp-image-15959\" srcset=\"https:\/\/cimbcc.org\/test2\/wp-content\/uploads\/photo_honor_bigras_06.jpg 900w, https:\/\/cimbcc.org\/test2\/wp-content\/uploads\/photo_honor_bigras_06-300x133.jpg 300w, https:\/\/cimbcc.org\/test2\/wp-content\/uploads\/photo_honor_bigras_06-768x341.jpg 768w\" sizes=\"auto, (max-width: 900px) 100vw, 900px\" \/><\/figure>\n<\/figure>\n\n\n\n<p><span style=\"color: #333333;\">Jusqu&rsquo;en 2019, Oscar Bigras a continu\u00e9 \u00e0 rendre le site plus attrayant, de piquer la curiosit\u00e9 et de donner plus de renseignements sur les arbres et les arbustes les plus visit\u00e9s. En surveillant les statistiques du site, il&nbsp;savait quelles plantes ou arbustes \u00e9taient les plus visit\u00e9s, ce qui l&rsquo;encouragea \u00e0 leur donner encore&nbsp;plus de d\u00e9tails.&nbsp;C\u2019est son&nbsp;site Arboretum qui re\u00e7oit chaque jour le plus de visites.<\/span><\/p>\n\n\n\n<hr class=\"wp-block-separator has-alpha-channel-opacity\"\/>\n\n\n\n<h5 class=\"wp-block-heading\"><em>En plus de son site principal, Oscar Bigras entretenait quotidiennement les cinq sites Web suivants.<\/em><\/h5>\n\n\n\n<p>Veuillez noter que les trois sites traitant des cimeti\u00e8res des Fr\u00e8res de St-Gabriel sont devenus priv\u00e9s apr\u00e8s le d\u00e9c\u00e8s du fr\u00e8re Oscar.<\/p>\n\n\n<div class=\"wp-block-image\">\n<figure class=\"aligncenter\"><a href=\"https:\/\/manoirfsgmascouche.wordpress.com\/\" rel=\"noopener\"><img loading=\"lazy\" decoding=\"async\" width=\"500\" height=\"360\" src=\"https:\/\/cimbcc.org\/test2\/wp-content\/uploads\/photo_honor_bigras_09.jpg\" alt=\"photo_honor_bigras_09\" class=\"wp-image-17203\" srcset=\"https:\/\/cimbcc.org\/test2\/wp-content\/uploads\/photo_honor_bigras_09.jpg 500w, https:\/\/cimbcc.org\/test2\/wp-content\/uploads\/photo_honor_bigras_09-300x216.jpg 300w\" sizes=\"auto, (max-width: 500px) 100vw, 500px\" \/><\/a><figcaption class=\"wp-element-caption\">Histoire d&rsquo;un vieux manoir | \u00a0https:\/\/manoirfsgmascouche.wordpress.com<\/figcaption><\/figure>\n<\/div>\n\n\n<hr class=\"wp-block-separator has-alpha-channel-opacity\"\/>\n\n\n<div class=\"wp-block-image\">\n<figure class=\"aligncenter\"><a href=\"https:\/\/genealogiefrancoisbigras.wordpress.com\" rel=\"noopener\"><img loading=\"lazy\" decoding=\"async\" width=\"500\" height=\"360\" src=\"https:\/\/cimbcc.org\/test2\/wp-content\/uploads\/photo_honor_bigras_10.jpg\" alt=\"photo_honor_bigras_10\" class=\"wp-image-17210\" srcset=\"https:\/\/cimbcc.org\/test2\/wp-content\/uploads\/photo_honor_bigras_10.jpg 500w, https:\/\/cimbcc.org\/test2\/wp-content\/uploads\/photo_honor_bigras_10-300x216.jpg 300w\" sizes=\"auto, (max-width: 500px) 100vw, 500px\" \/><\/a><figcaption class=\"wp-element-caption\">L&rsquo;anc\u00eatre de tous les Bigras | https:\/\/genealogiefrancoisbigras.wordpress.com<\/figcaption><\/figure>\n<\/div>\n\n\n<hr class=\"wp-block-separator has-alpha-channel-opacity\"\/>\n\n\n<div class=\"wp-block-image\">\n<figure class=\"aligncenter\"><a href=\"https:\/\/cimetieredesfsg.wordpress.com\" rel=\"noopener\"><img loading=\"lazy\" decoding=\"async\" width=\"500\" height=\"360\" src=\"https:\/\/cimbcc.org\/test2\/wp-content\/uploads\/photo_honor_bigras_11.jpg\" alt=\"photo_honor_bigras_11\" class=\"wp-image-17212\" srcset=\"https:\/\/cimbcc.org\/test2\/wp-content\/uploads\/photo_honor_bigras_11.jpg 500w, https:\/\/cimbcc.org\/test2\/wp-content\/uploads\/photo_honor_bigras_11-300x216.jpg 300w\" sizes=\"auto, (max-width: 500px) 100vw, 500px\" \/><\/a><figcaption class=\"wp-element-caption\">Cimeti\u00e8re des fr\u00e8res de Saint-Gabriel | https:\/\/cimetieredesfsg.wordpress.com<\/figcaption><\/figure>\n<\/div>\n\n\n<p>Les responsables de la congr\u00e9gation des fr\u00e8res de St-Gabriel, ont d\u00e9sign\u00e9&nbsp;les deux fr\u00e8res qui s&rsquo;occupent des archives de la communaut\u00e9, pour&nbsp; assurer le suivi des sites des cimeti\u00e8res.<\/p>\n\n\n\n<hr class=\"wp-block-separator has-alpha-channel-opacity\"\/>\n\n\n<div class=\"wp-block-image\">\n<figure class=\"aligncenter\"><a href=\"https:\/\/cimetieredesfsgchamplain.wordpress.com\" rel=\"noopener\"><img loading=\"lazy\" decoding=\"async\" width=\"500\" height=\"360\" src=\"https:\/\/cimbcc.org\/test2\/wp-content\/uploads\/photo_honor_bigras_12.jpg\" alt=\"photo_honor_bigras_12\" class=\"wp-image-17215\" srcset=\"https:\/\/cimbcc.org\/test2\/wp-content\/uploads\/photo_honor_bigras_12.jpg 500w, https:\/\/cimbcc.org\/test2\/wp-content\/uploads\/photo_honor_bigras_12-300x216.jpg 300w\" sizes=\"auto, (max-width: 500px) 100vw, 500px\" \/><\/a><figcaption class=\"wp-element-caption\">Cimeti\u00e8re de Champlain | https:\/\/cimetieredesfsgchamplain.wordpress.com<\/figcaption><\/figure>\n<\/div>\n\n\n<hr class=\"wp-block-separator has-alpha-channel-opacity\"\/>\n\n\n<div class=\"wp-block-image\">\n<figure class=\"aligncenter\"><a href=\"https:\/\/cimetieredesfsglaval.wordpress.com\" rel=\"noopener\"><img loading=\"lazy\" decoding=\"async\" width=\"500\" height=\"360\" src=\"https:\/\/cimbcc.org\/test2\/wp-content\/uploads\/photo_honor_bigras_13.jpg\" alt=\"photo_honor_bigras_13\" class=\"wp-image-17217\" srcset=\"https:\/\/cimbcc.org\/test2\/wp-content\/uploads\/photo_honor_bigras_13.jpg 500w, https:\/\/cimbcc.org\/test2\/wp-content\/uploads\/photo_honor_bigras_13-300x216.jpg 300w\" sizes=\"auto, (max-width: 500px) 100vw, 500px\" \/><\/a><figcaption class=\"wp-element-caption\">Cimeti\u00e8re \u00e0 Laval | https:\/\/cimetieredesfsglaval.wordpress.com<\/figcaption><\/figure>\n<\/div>\n\n\n<hr class=\"wp-block-separator has-alpha-channel-opacity\"\/>\n\n\n\n<h4 class=\"wp-block-heading\">Parrain sans fronti\u00e8re<\/h4>\n\n\n\n<p>Jusqu&rsquo;\u00e0 tout r\u00e9cemment, le fr\u00e8re Oscar &nbsp;a soutenu <em>Jean Claude Musema<\/em>, un religieux de la congr\u00e9gation des Fr\u00e8res de Saint-Gabriel oeuvrant en R\u00e9publique du Congo pour la conception, la mise en ligne et le maintien d&rsquo;un site Web.<\/p>\n\n\n\n<p>Nous vous pr\u00e9sentons dans les prochaines lignes&nbsp;un portrait de Jean Claude Musema et de ses activit\u00e9s.<\/p>\n\n\n<div class=\"wp-block-image\">\n<figure class=\"alignleft\"><img loading=\"lazy\" decoding=\"async\" width=\"212\" height=\"283\" src=\"https:\/\/cimbcc.org\/test2\/wp-content\/uploads\/photo_honor_bigras_14.png\" alt=\"photo_honor_bigras_14\" class=\"wp-image-19408\"\/><\/figure>\n<\/div>\n\n\n<p><em>Originaire de la R\u00e9publique D\u00e9mocratique du Congo, est un religieux de la congr\u00e9gation des Fr\u00e8res de Saint-Gabriel depuis 1989. De son m\u00e9tier d\u2019agronome, il est pass\u00e9 des soins des arbres aux soins des personnes dans la formation et l\u2019accompagnement.<\/em><\/p>\n\n\n\n<p><em>Son amour pour la formation des jeunes qui prendront demain la rel\u00e8ve de la congr\u00e9gation des Fr\u00e8res de Saint-Gabriel l\u2019a conduit \u00e0 faire des \u00e9tudes en th\u00e9ologie et en spiritualit\u00e9. Et depuis, il se sent plus \u00e0 l\u2019aise dans la formation des jeunes qui d\u00e9sirent partager le style de vie des disciples de <a href=\"https:\/\/fr.wikipedia.org\/wiki\/Louis-Marie_Grignion_de_Montfort\" target=\"_blank\" rel=\"noopener\">Saint Louis Marie Grignion de Montfort<\/a>.<\/em><\/p>\n\n\n\n<p><em>Apr\u00e8s avoir assum\u00e9 le service de responsable des Fr\u00e8res de Saint-Gabriel au Congo Kinshasa et au Gabon (2004-2013), il a \u00e9t\u00e9 nomm\u00e9 comme ma\u00eetre des novices (formateur) au noviciat de Brazzaville en R\u00e9publique du Congo, puis \u00e0 celui de Thi\u00e8s au S\u00e9n\u00e9gal (2013-2016). Se sentant \u00e9puis\u00e9, il a demand\u00e9 deux ann\u00e9es sabbatiques pour se requinquer. Il vient de suivre la formation qui se donne \u00e0 l\u2019Institut de Formation Humaine Int\u00e9grale de Montr\u00e9al (IFHIM) au 55 Boulevard Gouin Ouest \u00e0 Montr\u00e9al. Le fr\u00e8re Jean-Claude est un passionn\u00e9 d\u2019informatique. Comme il l\u2019affirme lui-m\u00eame, il n\u2019a jamais \u00e9t\u00e9 dans un centre pour sa formation. Sa passion l\u2019a conduit \u00e0 se former sur le tas en vrai autodidacte. Il fait parler les entrailles de l\u2019ordinateur pour d\u00e9couvrir et il veut apprendre.<\/em><\/p>\n\n\n\n<p><em>Aujourd\u2019hui, il veut profiter de l\u2019outil de la technologie de l&rsquo;information et de la communication, qu\u2019il trouve plus facilement ici au Canada qu\u2019en Afrique, pour \u00e0 approfondir ses connaissances afin de rendre services \u00e0 sa congr\u00e9gation. Actuellement, il est en train d\u2019apprendre \u00e0 monter un site Web pour faire connaitre les \u0153uvres des Fr\u00e8res de Saint-Gabriel du Congo et du Gabon. Ce site sera un lien de visibilit\u00e9 des Fr\u00e8res dans cette partie d\u2019Afrique. Les jeunes pourront avoir acc\u00e8s \u00e0 des possibles informations n\u00e9cessaires \u00e0 leur recherche. Son souhait est aussi de se former en l\u2019entretien de l\u2019outil informatique, car dans son milieu de vie, il est difficile de trouver des personnes qualifi\u00e9es en maintenance d\u2019ordinateur.<\/em><\/p>\n\n\n\n<hr class=\"wp-block-separator has-alpha-channel-opacity\"\/>\n\n\n\n<h4 class=\"wp-block-heading\"><strong>Participation aux s\u00e9ances de Club<\/strong><\/h4>\n\n\n\n<p>Bien des pr\u00e9sentateurs du Club se souviennent du fr\u00e8re Oscar comme un participant, toujours attentif et&nbsp; souriant.<\/p>\n\n\n\n<p><span style=\"color: #333333;\">Il \u00e9tait sans aucun doute le participant le plus \u00e2g\u00e9. Il \u00e9tait toujours l\u2019un des plus int\u00e9ress\u00e9s et un de ceux qui apprenaient le plus. Il a \u00e9t\u00e9 reconnu membre honoraire du Club en mai 2016.<\/span><\/p>\n\n\n\n<h4 class=\"wp-block-heading\"><strong>D\u00e9c\u00e8s le 18 mai 2020<\/strong><\/h4>\n\n\n\n<p>Le fr\u00e8re Oscar Bigras, de la communaut\u00e9 des Fr\u00e8res de Saint-Gabriel, est d\u00e9c\u00e9d\u00e9 de la COVID-19 \u00e0 la R\u00e9sidence De-La-Salle, \u00e0 Laval. Il avait 101 ans et huit mois.<\/p>\n\n\n\n<p>&nbsp;<\/p>\n\n\n\n<address><span style=\"font-size: x-small;\">Derni\u00e8re r\u00e9vision de cette page : ao\u00fbt 2024.<br \/><\/span><span style=\"font-size: x-small;\">Responsable de la mise \u00e0 jour de cette page : Richard Gervais.\u00a0<\/span><\/address>\n","protected":false},"excerpt":{"rendered":"<p>M\u00e9tier ou profession Extrait de l&rsquo;avis de d\u00e9c\u00e8s paru dans La Presse : \u00ab Religieux-\u00e9ducateur, il s\u2019est d\u00e9pens\u00e9 dans les \u00e9coles et coll\u00e8ges pendant 45 ans comme enseignant et directeur (\u00e0 Sainte-Th\u00e9r\u00e8se de Blainville, \u00e0 Saint-Lin des Laurentides, au Juv\u00e9nat de Saint-Bruno, \u00e0 Saint-Narcisse de Champlain, \u00e0 Sainte-Anne-des-Plaines, au Grand Juv\u00e9nat de Mascouche, ainsi qu\u2019au &hellip; <a href=\"https:\/\/cimbcc.org\/test2\/a-propos-du-club\/nos-membres-honoraires\/oscar-bigras\/\" class=\"more-link\">Continuer la lecture de <span class=\"screen-reader-text\">Fr\u00e8re Oscar Bigras<\/span>  <span class=\"meta-nav\">&rarr;<\/span><\/a><\/p>\n","protected":false},"author":3,"featured_media":15921,"parent":15064,"menu_order":20,"comment_status":"closed","ping_status":"closed","template":"","meta":{"footnotes":""},"class_list":["post-15073","page","type-page","status-publish","has-post-thumbnail","hentry"],"_links":{"self":[{"href":"https:\/\/cimbcc.org\/test2\/wp-json\/wp\/v2\/pages\/15073","targetHints":{"allow":["GET"]}}],"collection":[{"href":"https:\/\/cimbcc.org\/test2\/wp-json\/wp\/v2\/pages"}],"about":[{"href":"https:\/\/cimbcc.org\/test2\/wp-json\/wp\/v2\/types\/page"}],"author":[{"embeddable":true,"href":"https:\/\/cimbcc.org\/test2\/wp-json\/wp\/v2\/users\/3"}],"replies":[{"embeddable":true,"href":"https:\/\/cimbcc.org\/test2\/wp-json\/wp\/v2\/comments?post=15073"}],"version-history":[{"count":116,"href":"https:\/\/cimbcc.org\/test2\/wp-json\/wp\/v2\/pages\/15073\/revisions"}],"predecessor-version":[{"id":53927,"href":"https:\/\/cimbcc.org\/test2\/wp-json\/wp\/v2\/pages\/15073\/revisions\/53927"}],"up":[{"embeddable":true,"href":"https:\/\/cimbcc.org\/test2\/wp-json\/wp\/v2\/pages\/15064"}],"wp:featuredmedia":[{"embeddable":true,"href":"https:\/\/cimbcc.org\/test2\/wp-json\/wp\/v2\/media\/15921"}],"wp:attachment":[{"href":"https:\/\/cimbcc.org\/test2\/wp-json\/wp\/v2\/media?parent=15073"}],"curies":[{"name":"wp","href":"https:\/\/api.w.org\/{rel}","templated":true}]}}