{"id":21103,"date":"2018-05-06T08:58:59","date_gmt":"2018-05-06T12:58:59","guid":{"rendered":"https:\/\/cimbcc.org\/test2\/?page_id=21103"},"modified":"2024-08-02T21:43:19","modified_gmt":"2024-08-03T01:43:19","slug":"andre-charest","status":"publish","type":"page","link":"https:\/\/cimbcc.org\/test2\/a-propos-du-club\/nos-membres-honoraires\/andre-charest\/","title":{"rendered":"Andr\u00e9 Charest"},"content":{"rendered":"<blockquote><p><span style=\"color: #333333;\">Le Club informatique existe depuis plus de 35 ans et la contribution d&rsquo;Andr\u00e9 Charest a grandement fa\u00e7onn\u00e9 ce que ce Club est aujourd&rsquo;hui devenu. <\/span><\/p><\/blockquote>\n<p>&nbsp;<\/p>\n<figure id=\"attachment_21124\" aria-describedby=\"caption-attachment-21124\" style=\"width: 360px\" class=\"wp-caption aligncenter\"><img loading=\"lazy\" decoding=\"async\" class=\"wp-image-21124 size-full\" src=\"https:\/\/cimbcc.org\/test2\/wp-content\/uploads\/photo_honor_charest_02.jpg\" alt=\"photo_honor_charest_02\" width=\"360\" height=\"504\" srcset=\"https:\/\/cimbcc.org\/test2\/wp-content\/uploads\/photo_honor_charest_02.jpg 360w, https:\/\/cimbcc.org\/test2\/wp-content\/uploads\/photo_honor_charest_02-214x300.jpg 214w\" sizes=\"auto, (max-width: 360px) 100vw, 360px\" \/><figcaption id=\"caption-attachment-21124\" class=\"wp-caption-text\">Andr\u00e9 Charest, 2018<\/figcaption><\/figure>\n<h4><span style=\"color: #333333;\">Dix ans de b\u00e9n\u00e9volat au sein du Club<\/span><\/h4>\n<p>Pour mieux comprendre la contribution d&rsquo;Andr\u00e9 et ses r\u00e9alisations durant les dix ann\u00e9es o\u00f9 il \u00e9tait membre b\u00e9n\u00e9vole du CIMBCC, il est important de souligner que non seulement a-t-il particip\u00e9 \u00e0 presque toutes les activit\u00e9s du Club, mais qu&rsquo;il a surtout \u00e9t\u00e9 un des architectes des principaux piliers qui supportent aujourd&rsquo;hui l&rsquo;offre de services du Club.<\/p>\n<p>Voici donc un aper\u00e7u des r\u00e9alisations cl\u00e9s de notre nouveau membre honoraire :<\/p>\n<ul>\n<li>\u00a0En 2005, il est un des trois fondateurs de la s\u00e9rie Facile avec Michel Gagn\u00e9 et R\u00e9jean C\u00f4t\u00e9 dans le cadre des pr\u00e9sentations du mercredi et du vendredi. Il fut \u00e9galement un des pr\u00e9sentateurs jusqu&rsquo;en 2014.<\/li>\n<li>Cr\u00e9ateur et r\u00e9dacteur de la chronique \u00e9ditoriale <strong>Dans le temps<\/strong>, il a \u00e9galement \u00e9t\u00e9 le responsable du CHIP durant quelques ann\u00e9es.<\/li>\n<li>Membre fondateur du site Web du Club avec Jean Presne et Michel Gagn\u00e9, il a \u00e9t\u00e9 webmestre-administrateur durant quelques autres ann\u00e9es.<\/li>\n<li>Afin d&rsquo;augmenter l&rsquo;exposition du Club et le nombre de ses membres, Andr\u00e9 a con\u00e7u et coordonn\u00e9 la Journ\u00e9e d\u2019information et d\u2019inscription et, par la suite, a mis en place l\u2019envoi massif des courriels de renouvellement des membres.<\/li>\n<li>Impliqu\u00e9 dans le d\u00e9veloppement initial de la brochure publicitaire du Club, il a particip\u00e9 \u00e0 sa mise \u00e0 jour durant plusieurs ann\u00e9es.<\/li>\n<li>Membre du conseil d\u2019administration pendant plusieurs ann\u00e9es, Andr\u00e9 a particip\u00e9 \u00e0 la d\u00e9finition de la mission et de la politique du Club, au d\u00e9veloppement des r\u00e8glements du Club, \u00e0 l\u2019\u00e9criture et la gestion de plusieurs fiches administratives du Club et contribu\u00e9 au d\u00e9veloppement du format et du contenu de l\u2019assembl\u00e9e g\u00e9n\u00e9rale.<\/li>\n<li>De son propre aveu, Andr\u00e9 est particuli\u00e8rement fier de sa contribution en tant que promoteur des ateliers, et d&rsquo;avoir assur\u00e9 la coordination de cette activit\u00e9 durant plusieurs ann\u00e9es. De plus, il anima lui-m\u00eame plusieurs ateliers, dont ceux de Word et des Curieux de l&rsquo;informatique.<\/li>\n<\/ul>\n<p>Pour toutes ces r\u00e9alisations, le Club tient \u00e0 remercier Andr\u00e9 en le d\u00e9signant comme un de ses membres honoraires.<\/p>\n<p>Ainsi, Andr\u00e9 Charest est devenu le neuvi\u00e8me membre honoraire du Club en f\u00e9vrier 2018 durant la pr\u00e9sidence de R\u00e9jean C\u00f4t\u00e9.<\/p>\n<p>&nbsp;<\/p>\n<address><span style=\"font-size: x-small;\">Derni\u00e8re r\u00e9vision de cette page : ao\u00fbt 2024.<br \/>\n<\/span><span style=\"font-size: x-small;\">Responsable de la mise \u00e0 jour de cette page : Richard Gervais.\u00a0<\/span><\/address>\n","protected":false},"excerpt":{"rendered":"<p>Le Club informatique existe depuis plus de 35 ans et la contribution d&rsquo;Andr\u00e9 Charest a grandement fa\u00e7onn\u00e9 ce que ce Club est aujourd&rsquo;hui devenu. &nbsp; Dix ans de b\u00e9n\u00e9volat au sein du Club Pour mieux comprendre la contribution d&rsquo;Andr\u00e9 et ses r\u00e9alisations durant les dix ann\u00e9es o\u00f9 il \u00e9tait membre b\u00e9n\u00e9vole du CIMBCC, il est &hellip; <a href=\"https:\/\/cimbcc.org\/test2\/a-propos-du-club\/nos-membres-honoraires\/andre-charest\/\" class=\"more-link\">Continuer la lecture de <span class=\"screen-reader-text\">Andr\u00e9 Charest<\/span>  <span class=\"meta-nav\">&rarr;<\/span><\/a><\/p>\n","protected":false},"author":32,"featured_media":21123,"parent":15064,"menu_order":90,"comment_status":"closed","ping_status":"closed","template":"","meta":{"footnotes":""},"class_list":["post-21103","page","type-page","status-publish","has-post-thumbnail","hentry"],"_links":{"self":[{"href":"https:\/\/cimbcc.org\/test2\/wp-json\/wp\/v2\/pages\/21103","targetHints":{"allow":["GET"]}}],"collection":[{"href":"https:\/\/cimbcc.org\/test2\/wp-json\/wp\/v2\/pages"}],"about":[{"href":"https:\/\/cimbcc.org\/test2\/wp-json\/wp\/v2\/types\/page"}],"author":[{"embeddable":true,"href":"https:\/\/cimbcc.org\/test2\/wp-json\/wp\/v2\/users\/32"}],"replies":[{"embeddable":true,"href":"https:\/\/cimbcc.org\/test2\/wp-json\/wp\/v2\/comments?post=21103"}],"version-history":[{"count":29,"href":"https:\/\/cimbcc.org\/test2\/wp-json\/wp\/v2\/pages\/21103\/revisions"}],"predecessor-version":[{"id":53930,"href":"https:\/\/cimbcc.org\/test2\/wp-json\/wp\/v2\/pages\/21103\/revisions\/53930"}],"up":[{"embeddable":true,"href":"https:\/\/cimbcc.org\/test2\/wp-json\/wp\/v2\/pages\/15064"}],"wp:featuredmedia":[{"embeddable":true,"href":"https:\/\/cimbcc.org\/test2\/wp-json\/wp\/v2\/media\/21123"}],"wp:attachment":[{"href":"https:\/\/cimbcc.org\/test2\/wp-json\/wp\/v2\/media?parent=21103"}],"curies":[{"name":"wp","href":"https:\/\/api.w.org\/{rel}","templated":true}]}}