{"id":49052,"date":"2024-04-22T18:47:39","date_gmt":"2024-04-22T22:47:39","guid":{"rendered":"https:\/\/cimbcc.org\/test2\/?page_id=49052"},"modified":"2025-04-18T17:00:22","modified_gmt":"2025-04-18T21:00:22","slug":"pierre-st-aubin","status":"publish","type":"page","link":"https:\/\/cimbcc.org\/test2\/a-propos-du-club\/nos-membres-honoraires\/pierre-st-aubin\/","title":{"rendered":"Pierre St-Aubin"},"content":{"rendered":"<div class=\"wp-block-image\">\n<figure class=\"alignleft\"><img loading=\"lazy\" decoding=\"async\" width=\"250\" height=\"300\" src=\"https:\/\/cimbcc.org\/test2\/wp-content\/uploads\/photo_honor_st_aubin2-250x300.jpg\" alt=\"\" class=\"wp-image-49055\" srcset=\"https:\/\/cimbcc.org\/test2\/wp-content\/uploads\/photo_honor_st_aubin2-250x300.jpg 250w, https:\/\/cimbcc.org\/test2\/wp-content\/uploads\/photo_honor_st_aubin2.jpg 360w\" sizes=\"auto, (max-width: 250px) 100vw, 250px\" \/><\/figure>\n<\/div>\n\n\n<p>R\u00e9sident de <strong>Saint-Bruno-de-Montarville<\/strong> depuis 1973, Pierre&nbsp; St-&nbsp;Aubin est mari\u00e9 \u00e0 sa conjointe Monique depuis plus de 50 ans et le p\u00e8re de deux enfants : Benoit, actuaire, et Isabelle, infirmi\u00e8re.<\/p>\n\n\n\n<p>On reconna\u00eet Pierre \u00e0 son sourire. C\u2019est un homme d&rsquo;action et affable qui a toujours aim\u00e9 s\u2019impliquer dans sa communaut\u00e9.<\/p>\n\n\n\n<h4 class=\"wp-block-heading\"><em>B\u00e9n\u00e9vole d\u00e9vou\u00e9 et g\u00e9n\u00e9reux<\/em><\/h4>\n\n\n\n<p>Pierre St-Aubin a exerc\u00e9 son b\u00e9n\u00e9volat aupr\u00e8s des scouts, \u00e0 la Maison des jeunes, au Cercle des fermi\u00e8res, dont son \u00e9pouse Monique a \u00e9t\u00e9 pr\u00e9sidente pendant plusieurs ann\u00e9es, et aussi au Club informatique Mont-Bruno.<\/p>\n\n\n\n<h4 class=\"wp-block-heading\"><em><strong>Sa contribution au Club&nbsp;informatique Mont-Bruno<\/strong><\/em><\/h4>\n\n\n\n<ul class=\"wp-block-list\">\n<li>B\u00e9n\u00e9vole <em>de <\/em>2002 \u00e0 2023.<\/li>\n\n\n\n<li>Pr\u00e9sident du conseil d\u2019administration en 2002-2003.<\/li>\n\n\n\n<li>Il a donn\u00e9 un cours de base en informatique \u00e0 la biblioth\u00e8que de Saint-Bruno-de-Montarville de 2002 \u00e0 2004.<\/li>\n\n\n\n<li>Il a aussi fait quelques pr\u00e9sentations \u00e0 l\u2019intention des membres du Club.<\/li>\n<\/ul>\n\n\n\n<h4 class=\"wp-block-heading\"><strong>Son plus grand projet&nbsp;: <\/strong><a href=\"https:\/\/cimbcc.org\/test2\/autres-services\/le-soutien-a-la-recuperation-de-materiel-informatique\"><strong>l\u2019atelier de recyclage de mat\u00e9riel informatique<\/strong><\/a><\/h4>\n\n\n<div class=\"wp-block-image\">\n<figure class=\"alignleft\"><img loading=\"lazy\" decoding=\"async\" width=\"214\" height=\"300\" src=\"https:\/\/cimbcc.org\/test2\/wp-content\/uploads\/photo_honor_st_aubin4-214x300.jpg\" alt=\"\" class=\"wp-image-49057\" srcset=\"https:\/\/cimbcc.org\/test2\/wp-content\/uploads\/photo_honor_st_aubin4-214x300.jpg 214w, https:\/\/cimbcc.org\/test2\/wp-content\/uploads\/photo_honor_st_aubin4.jpg 360w\" sizes=\"auto, (max-width: 214px) 100vw, 214px\" \/><\/figure>\n<\/div>\n\n\n<p>Pierre, comme&nbsp; plusieurs d&rsquo;entre nous, trouvait qu\u2019il \u00e9tait ridicule de polluer en jetant du mat\u00e9riel \u00e9lectronique dans des sites d&rsquo;enfouissement. Sa motivation initiale \u00e9tait de soustraire ce mat\u00e9riel recyclable de sa destination habituelle, les rebuts.<\/p>\n\n\n\n<p>En 2005, Pierre St-Aubin passe \u00e0 l&rsquo;action et propose \u00e0 la Ville de Saint-Bruno-de-Montarville de mettre sur pied, en collaboration avec le Club informatique Mont-Bruno, un programme de recyclage de mat\u00e9riel informatique et \u00e9lectronique.<\/p>\n\n\n<div class=\"wp-block-image\">\n<figure class=\"alignleft\"><img loading=\"lazy\" decoding=\"async\" width=\"300\" height=\"214\" src=\"https:\/\/cimbcc.org\/test2\/wp-content\/uploads\/photo_honor_st_aubin3-300x214.jpg\" alt=\"\" class=\"wp-image-49056\" srcset=\"https:\/\/cimbcc.org\/test2\/wp-content\/uploads\/photo_honor_st_aubin3-300x214.jpg 300w, https:\/\/cimbcc.org\/test2\/wp-content\/uploads\/photo_honor_st_aubin3-1024x731.jpg 1024w, https:\/\/cimbcc.org\/test2\/wp-content\/uploads\/photo_honor_st_aubin3-768x548.jpg 768w, https:\/\/cimbcc.org\/test2\/wp-content\/uploads\/photo_honor_st_aubin3-1536x1097.jpg 1536w, https:\/\/cimbcc.org\/test2\/wp-content\/uploads\/photo_honor_st_aubin3-2048x1463.jpg 2048w\" sizes=\"auto, (max-width: 300px) 100vw, 300px\" \/><\/figure>\n<\/div>\n\n\n<p>Apr\u00e8s avoir accept\u00e9 ce projet, la Ville l\u2019a appuy\u00e9 en recueillant le mat\u00e9riel dans un conteneur r\u00e9serv\u00e9 \u00e0 cet effet \u00e0 l\u2019\u00c9cocentre et en fournissant un local \u00e0 Pierre et aux b\u00e9n\u00e9voles qui se sont joints \u00e0 lui.<\/p>\n\n\n<div class=\"wp-block-image\">\n<figure class=\"alignleft\"><img loading=\"lazy\" decoding=\"async\" width=\"300\" height=\"216\" src=\"https:\/\/cimbcc.org\/test2\/wp-content\/uploads\/photo_honor_st_aubin5-300x216.jpg\" alt=\"\" class=\"wp-image-49058\" srcset=\"https:\/\/cimbcc.org\/test2\/wp-content\/uploads\/photo_honor_st_aubin5-300x216.jpg 300w, https:\/\/cimbcc.org\/test2\/wp-content\/uploads\/photo_honor_st_aubin5.jpg 500w\" sizes=\"auto, (max-width: 300px) 100vw, 300px\" \/><\/figure>\n<\/div>\n\n\n<p>Le travail de Pierre et de ses col\u00e8gues b\u00e9n\u00e9voles&nbsp; a permis de reconstruire une grande quantit\u00e9 &nbsp; &nbsp; &nbsp; &nbsp;d&rsquo;ordinateurs \u00e0 partir du mat\u00e9riel&nbsp; r\u00e9cent et r\u00e9parable d\u00e9pos\u00e9 \u00e0 l\u2019\u00c9cocentre ou \u00e0 l\u2019atelier.<\/p>\n\n\n<div class=\"wp-block-image\">\n<figure class=\"alignleft\"><img loading=\"lazy\" decoding=\"async\" width=\"214\" height=\"300\" src=\"https:\/\/cimbcc.org\/test2\/wp-content\/uploads\/photo_honor_st_aubin7-214x300.jpg\" alt=\"\" class=\"wp-image-49073\" srcset=\"https:\/\/cimbcc.org\/test2\/wp-content\/uploads\/photo_honor_st_aubin7-214x300.jpg 214w, https:\/\/cimbcc.org\/test2\/wp-content\/uploads\/photo_honor_st_aubin7.jpg 360w\" sizes=\"auto, (max-width: 214px) 100vw, 214px\" \/><\/figure>\n<\/div>\n\n\n<p>Depuis le d\u00e9but des activit\u00e9s de l\u2019atelier, des \u00e9quipements informatiques de nouveau fonctionnels sont r\u00e9guli\u00e8rement donn\u00e9s \u00e0 des familles d\u00e9favoris\u00e9es et \u00e0 des immigrants. D\u2019autres \u00e9quipements sont offerts \u00e0 la Clinique du Dr Julien ou envoy\u00e9s au Guatemala, aux Philippines, en R\u00e9publique dominicaine.<\/p>\n\n\n\n<p>Enfin, il est possible \u00e0 toute personne visitant les locaux de l&rsquo;atelier d&rsquo;acqu\u00e9rir \u00e0 tr\u00e8s bas prix un \u00e9quipement informatique r\u00e9nov\u00e9. Le revenu de ces ventes est aussi remis \u00e0 des organismes sans but lucratif.<\/p>\n\n\n\n<p>Pierre a toujours \u00e9t\u00e9 fier de voir que par son projet, il pouvait \u00e0 la fois soustraire des tonnes de mat\u00e9riel \u00e9lectronique des sites d&rsquo;enfouissement et en m\u00eame temps permettre \u00e0 des gens moins fortun\u00e9s&nbsp; d&rsquo;obtenir gratuitement ou \u00e0 moindre co\u00fbt des ordinateurs et du mat\u00e9riel recycl\u00e9s.<\/p>\n\n\n<div class=\"wp-block-image\">\n<figure class=\"alignleft\"><img loading=\"lazy\" decoding=\"async\" width=\"300\" height=\"214\" src=\"https:\/\/cimbcc.org\/test2\/wp-content\/uploads\/photo_honor_st_aubin6-300x214.jpg\" alt=\"\" class=\"wp-image-49059\" srcset=\"https:\/\/cimbcc.org\/test2\/wp-content\/uploads\/photo_honor_st_aubin6-300x214.jpg 300w, https:\/\/cimbcc.org\/test2\/wp-content\/uploads\/photo_honor_st_aubin6.jpg 473w\" sizes=\"auto, (max-width: 300px) 100vw, 300px\" \/><\/figure>\n<\/div>\n\n\n<p>Jusqu\u2019\u00e0 tout r\u00e9cemment, Pierre faisait \u00e9quipe avec deux b\u00e9n\u00e9voles du Club, Jacques Lalibert\u00e9 et Jean-Marie Turcotte, qui poursuivent aujourd&rsquo;hui son travail.<\/p>\n\n\n\n<p>&nbsp;<\/p>\n\n\n\n<h4 class=\"wp-block-heading\"><em>Distinctions d\u00e9cern\u00e9es \u00e0 Pierre St-Aubin<\/em><\/h4>\n\n\n\n<p>En 2006, Pierre a re\u00e7u un certificat de reconnaissance \u00e0 l\u2019occasion de la Semaine nationale de l\u2019action b\u00e9n\u00e9vole.<\/p>\n\n\n\n<p>En 2008, il a re\u00e7u un certificat de reconnaissance de la paroisse catholique de Saint-Bruno-de-Montarville.<\/p>\n\n\n\n<p>En 2015, la Ville de Saint-Bruno-de-Montarville lui a attribu\u00e9 la m\u00e9daille d\u2019or de l\u2019Ordre du m\u00e9rite pour ses 40 ans de participation et d\u2019implication dans les domaines scolaire, sportif, municipal et paroissial. Sa candidature avait \u00e9t\u00e9 propos\u00e9e par le Club informatique Mont-Bruno.<\/p>\n\n\n\n<h4 class=\"wp-block-heading\"><strong><em>Membre honoraire<\/em><\/strong><\/h4>\n\n\n\n<p>Le Club et ses membres lui sont infiniment reconnaissants pour toutes ses r\u00e9alisations. C&rsquo;est pourquoi qu&rsquo;en janvier 2024, le conseil d\u2019administration a d\u00e9cid\u00e9 de remercier Pierre St-Aubin en lui accordant le statut de membre honoraire du Club.<\/p>\n\n\n\n<p>&nbsp;<\/p>\n\n\n\n<address><span style=\"font-size: x-small;\">Derni\u00e8re r\u00e9vision de cette page : ao\u00fbt 2024.<br><\/span><span style=\"font-size: x-small;\">Responsable de la mise \u00e0 jour de cette page : Richard Gervais.&nbsp;<\/span><\/address>\n\n\n\n<p><\/p>\n","protected":false},"excerpt":{"rendered":"<p>R\u00e9sident de Saint-Bruno-de-Montarville depuis 1973, Pierre&nbsp; St-&nbsp;Aubin est mari\u00e9 \u00e0 sa conjointe Monique depuis plus de 50 ans et le p\u00e8re de deux enfants : Benoit, actuaire, et Isabelle, infirmi\u00e8re. On reconna\u00eet Pierre \u00e0 son sourire. C\u2019est un homme d&rsquo;action et affable qui a toujours aim\u00e9 s\u2019impliquer dans sa communaut\u00e9. B\u00e9n\u00e9vole d\u00e9vou\u00e9 et g\u00e9n\u00e9reux Pierre &hellip; <a href=\"https:\/\/cimbcc.org\/test2\/a-propos-du-club\/nos-membres-honoraires\/pierre-st-aubin\/\" class=\"more-link\">Continuer la lecture de <span class=\"screen-reader-text\">Pierre St-Aubin<\/span>  <span class=\"meta-nav\">&rarr;<\/span><\/a><\/p>\n","protected":false},"author":33,"featured_media":0,"parent":15064,"menu_order":130,"comment_status":"closed","ping_status":"closed","template":"","meta":{"footnotes":""},"class_list":["post-49052","page","type-page","status-publish","hentry"],"_links":{"self":[{"href":"https:\/\/cimbcc.org\/test2\/wp-json\/wp\/v2\/pages\/49052","targetHints":{"allow":["GET"]}}],"collection":[{"href":"https:\/\/cimbcc.org\/test2\/wp-json\/wp\/v2\/pages"}],"about":[{"href":"https:\/\/cimbcc.org\/test2\/wp-json\/wp\/v2\/types\/page"}],"author":[{"embeddable":true,"href":"https:\/\/cimbcc.org\/test2\/wp-json\/wp\/v2\/users\/33"}],"replies":[{"embeddable":true,"href":"https:\/\/cimbcc.org\/test2\/wp-json\/wp\/v2\/comments?post=49052"}],"version-history":[{"count":29,"href":"https:\/\/cimbcc.org\/test2\/wp-json\/wp\/v2\/pages\/49052\/revisions"}],"predecessor-version":[{"id":53406,"href":"https:\/\/cimbcc.org\/test2\/wp-json\/wp\/v2\/pages\/49052\/revisions\/53406"}],"up":[{"embeddable":true,"href":"https:\/\/cimbcc.org\/test2\/wp-json\/wp\/v2\/pages\/15064"}],"wp:attachment":[{"href":"https:\/\/cimbcc.org\/test2\/wp-json\/wp\/v2\/media?parent=49052"}],"curies":[{"name":"wp","href":"https:\/\/api.w.org\/{rel}","templated":true}]}}