{"id":7046,"date":"2013-08-06T09:55:50","date_gmt":"2013-08-06T14:55:50","guid":{"rendered":"https:\/\/cimbcc.org\/test2\/?page_id=7046"},"modified":"2025-05-04T19:48:24","modified_gmt":"2025-05-04T23:48:24","slug":"le-soutien-a-la-recuperation-de-materiel-informatique","status":"publish","type":"page","link":"https:\/\/cimbcc.org\/test2\/autres-services\/le-soutien-a-la-recuperation-de-materiel-informatique\/","title":{"rendered":"Recyclage de mat\u00e9riel informatique"},"content":{"rendered":"\n<h2 class=\"wp-block-heading\">Un second souffle pour&nbsp;le mat\u00e9riel informatique d\u00e9laiss\u00e9 par leur premier acheteur<\/h2>\n\n\n\n<p>Les \u00e9quipements informatiques ont envahi nos lieux de travail et nos maisons dans les derni\u00e8res d\u00e9cennies. Compte tenu de l\u2019\u00e9volution rapide du mat\u00e9riel et des logiciels, l\u2019obsolescence rattrape rapidement nos appareils. Dans plusieurs cas, des ordinateurs sont pouss\u00e9s vers le trottoir bien qu\u2019ils ne soient pas vraiment bris\u00e9s. Malheureusement, plusieurs ordinateurs se retrouvent ainsi dans les sites d\u2019enfouissement.<\/p>\n\n\n\n<h3 class=\"wp-block-heading\">Une deuxi\u00e8me vie pour vos \u00e9quipements<\/h3>\n\n\n\n<p>Vous pouvez donner une deuxi\u00e8me vie \u00e0 vos appareils en les apportant \u00e0 l&rsquo;atelier de recyclage du Club informatique. Vous pouvez aussi y acheter des \u00e9quipements recycl\u00e9s \u00e0 prix modiques.<\/p>\n\n\n\n<p>Des b\u00e9n\u00e9voles examinent les \u00e9quipements d\u00e9pos\u00e9s \u00e0 l&rsquo;atelier. Lorsque les \u00e9quipements sont relativement r\u00e9cents et r\u00e9parables, ils sont nettoy\u00e9s, r\u00e9par\u00e9s et test\u00e9s. <strong>Ils sont alors disponibles pour \u00eatre achet\u00e9s \u00e0 prix modiques.<\/strong> Il est aussi possible de se procurer \u00e0 l&rsquo;atelier des pi\u00e8ces usag\u00e9es pour les amateurs en mesure de r\u00e9parer eux-m\u00eames leur ordinateur.<\/p>\n\n\n\n<p>Il est important de souligner que <strong><span style=\"color: #ff0000;\">l&rsquo;atelier n&rsquo;est pas un service de r\u00e9paration<\/span><\/strong>, mais plut\u00f4t un atelier de recyclage de vieux appareils encore utilisables.<\/p>\n\n\n\n<h3 class=\"wp-block-heading\">Coordonn\u00e9es de l&rsquo;<span style=\"color: #000000;\">Atelier<\/span> de recyclage<\/h3>\n\n\n\n<p><em>Pour le d\u00e9p\u00f4t et l&rsquo;achat de mat\u00e9riel<\/em><\/p>\n\n\n\n<ul class=\"wp-block-list\">\n<li><strong>Adresse :<\/strong>\u00a0 1595,\u00a0 rue de Montarville,\u00a0 Saint-Bruno, J3V 3T8, \u00e0 c\u00f4t\u00e9 de la caserne des pompiers<\/li>\n\n\n\n<li><strong>Heures d&rsquo;ouverture : <\/strong>tous les mercredis, de 9 h \u00e0 16 h<\/li>\n\n\n\n<li><strong>T\u00e9l\u00e9phone pour conna\u00eetre la disponibilit\u00e9 de mat\u00e9riel <\/strong>(le mercredi, de 9 h \u00e0 16 h) : 450 653-2443 poste 5555<\/li>\n\n\n\n<li><strong>Mat\u00e9riel accept\u00e9 et revendu :<\/strong> ordinateurs portables, ordinateurs de bureau (tours), \u00e9crans, claviers, souris, disques durs externes et pi\u00e8ces d&rsquo;ordinateur<\/li>\n<\/ul>\n\n\n\n<h3 class=\"wp-block-heading\"><em>Historique de l&rsquo;atelier de recyclage<\/em><\/h3>\n\n\n\n<p>En 2005, Pierre St-Aubin, avec la collaboration de la ville de Saint-Bruno, a mis sur pied un programme de recyclage de mat\u00e9riel informatique et \u00e9lectronique.<\/p>\n\n\n\n<p>Depuis lors, la ville de Saint-Bruno recueille le mat\u00e9riel informatique et \u00e9lectronique et des b\u00e9n\u00e9voles du Club informatique recyclent les \u00e9quipements informatiques encore utilisables.<\/p>\n\n\n\n<p>Des dons d\u2019\u00e9quipement informatique sont faits r\u00e9guli\u00e8rement \u00e0 des organismes sans but lucratif et \u00e0 des organismes du domaine de l&rsquo;\u00e9ducation au Qu\u00e9bec et dans des pays d\u00e9favoris\u00e9s tels qu&rsquo;Ha\u00efti, le Guatemala et Cuba.<em>&nbsp;<\/em><\/p>\n\n\n\n<p>Des \u00e9quipements sont aussi vendus \u00e0 prix modiques et l\u2019argent recueilli est donn\u00e9 \u00e0 des organismes de bienfaisance locaux comme la <a href=\"https:\/\/www.mdjstbruno.org\" target=\"_blank\" rel=\"noopener noreferrer\">Maison des jeunes de Saint-Bruno<\/a>, le <a href=\"https:\/\/www.cabstbruno.org\" target=\"_blank\" rel=\"noopener noreferrer\">Centre d&rsquo;action b\u00e9n\u00e9vole <em>Les p&rsquo;tits bonheurs<\/em><\/a> et la <a href=\"https:\/\/www.unitesaintbasilesaintbruno.org\" target=\"_blank\" rel=\"noopener noreferrer\">paroisse de Saint-Bruno<\/a>.<\/p>\n\n\n\n<p>De 2005 \u00e0 2023, l&rsquo;atelier de recyclage a retourn\u00e9 114 000 $ et 484 ordinateurs \u00e0 la communaut\u00e9.<\/p>\n\n\n\n<h3 class=\"wp-block-heading\"><em>N&rsquo;oubliez pas les moins bien nantis !<\/em><\/h3>\n\n\n\n<p>Vous venez peut-\u00eatre d&rsquo;acheter un nouvel ordinateur. Ne laissez pas votre vieil appareil au sous-sol ou dans le placard, apportez-les \u00e0 l&rsquo;atelier de recyclage. Il y trouvera une seconde vie et aidera des personnes moins bien nanties.<\/p>\n\n\n\n<h4 class=\"wp-block-heading\">Responsable<\/h4>\n\n\n\n<p><strong>Jean-Marie Turcotte<\/strong> est le responsable du recyclage de mat\u00e9riel informatique. Si vous d\u00e9sirez vous joindre \u00e0 l\u2019\u00e9quipe, communiquez avec Jean-Marie Turcotte au num\u00e9ro (450) 653-2443 poste 5555 (le mercredi, de 9 h \u00e0 16 h).<\/p>\n\n\n\n<figure class=\"wp-block-image\"><img loading=\"lazy\" decoding=\"async\" width=\"125\" height=\"125\" src=\"https:\/\/cimbcc.org\/test2\/wp-content\/uploads\/photo_turcotte_jean_marie.jpg\" alt=\"\" class=\"wp-image-34346\"\/><\/figure>\n\n\n\n<p><\/p>\n\n\n\n<h4 class=\"wp-block-heading\">Membre de l\u2019\u00e9quipe<\/h4>\n\n\n\t\t\t\t\t\t<div class=\"gallery_box_single\">\n\t\t\t\t\t\t\t\t\t\t\t\t\t\t\t<div class=\"gallery gllr_grid\" data-gllr-columns=\"100\" data-gllr-border-width=\"10\">\n\t\t\t\t\t\t\t\t\t\t\t\t\t\t\t\t\t\t\t\t<div class=\"gllr_image_row\">\n\t\t\t\t\t\t\t\t\t\t\t\t\t\t\t\t\t\t\t\t\t<div class=\"gllr_image_block\">\n\t\t\t\t\t\t\t\t\t\t\t\t<p style=\"\n\t\t\t\t\t\t\t\t\t\t\t\twidth:145px;height:145px;\t\t\t\t\t\t\t\t\t\t\t\t\">\n\t\t\t\t\t\t\t\t\t\t\t\t\t\t\t\t\t\t\t\t\t\t\t\t\t\t\t\t<a data-fancybox=\"gallery_fancybox_20762\" href=\"https:\/\/cimbcc.org\/test2\/wp-content\/uploads\/photo_laliberte_jacques.jpg\" title=\"Jacques Lalibert\u00e9\" >\n\t\t\t\t\t\t\t\t\t\t\t\t\t\t\t\t<img decoding=\"async\" width=&quot;125&quot; height=&quot;125&quot; style=\"width:125px; height:125px; border-width: 10px; border-color:#f1f1f1;border: 10px solid #f1f1f1\" alt=\"\" title=\"Jacques Lalibert\u00e9\" src=\"https:\/\/cimbcc.org\/test2\/wp-content\/uploads\/photo_laliberte_jacques.jpg\" rel=\"https:\/\/cimbcc.org\/test2\/wp-content\/uploads\/photo_laliberte_jacques.jpg\" \/>\t\t\t\t\t\t\t\t\t\t\t\t\t\t\t<\/a>\n\t\t\t\t\t\t\t\t\t\t\t\t\t\t\t\t\t\t\t\t\t\t\t\t\t\t<\/p>\n\t\t\t\t\t\t\t\t\t\t\t\t\t\t\t\t\t\t\t\t\t\t\t\t\t<div \n\t\t\t\t\t\t\t\t\t\t\t\t\tstyle=\"width:145px;\"\t\t\t\t\t\t\t\t\t\t\t\t\tclass=\"gllr_single_image_text gllr_single_image_text_under\">Jacques Lalibert\u00e9&nbsp;<\/div>\n\t\t\t\t\t\t\t\t\t\t\t\t\t\t\t\t\t\t\t\t\t\t\t<\/div><!-- .gllr_image_block -->\n\t\t\t\t\t\t\t\t\t\t\t\t\t\t\t\t\t\t\t\t\t<div class=\"gllr_image_block\">\n\t\t\t\t\t\t\t\t\t\t\t\t<p style=\"\n\t\t\t\t\t\t\t\t\t\t\t\twidth:145px;height:145px;\t\t\t\t\t\t\t\t\t\t\t\t\">\n\t\t\t\t\t\t\t\t\t\t\t\t\t\t\t\t\t\t\t\t\t\t\t\t\t\t\t\t<a data-fancybox=\"gallery_fancybox_20762\" href=\"https:\/\/cimbcc.org\/test2\/wp-content\/uploads\/photo_cote_michel.jpg\" title=\"Michel C\u00f4t\u00e9\" >\n\t\t\t\t\t\t\t\t\t\t\t\t\t\t\t\t<img decoding=\"async\" width=&quot;125&quot; height=&quot;125&quot; style=\"width:125px; height:125px; border-width: 10px; border-color:#f1f1f1;border: 10px solid #f1f1f1\" alt=\"\" title=\"Michel C\u00f4t\u00e9\" src=\"https:\/\/cimbcc.org\/test2\/wp-content\/uploads\/photo_cote_michel.jpg\" rel=\"https:\/\/cimbcc.org\/test2\/wp-content\/uploads\/photo_cote_michel.jpg\" \/>\t\t\t\t\t\t\t\t\t\t\t\t\t\t\t<\/a>\n\t\t\t\t\t\t\t\t\t\t\t\t\t\t\t\t\t\t\t\t\t\t\t\t\t\t<\/p>\n\t\t\t\t\t\t\t\t\t\t\t\t\t\t\t\t\t\t\t\t\t\t\t\t\t<div \n\t\t\t\t\t\t\t\t\t\t\t\t\tstyle=\"width:145px;\"\t\t\t\t\t\t\t\t\t\t\t\t\tclass=\"gllr_single_image_text gllr_single_image_text_under\">Michel C\u00f4t\u00e9&nbsp;<\/div>\n\t\t\t\t\t\t\t\t\t\t\t\t\t\t\t\t\t\t\t\t\t\t\t<\/div><!-- .gllr_image_block -->\n\t\t\t\t\t\t\t\t\t\t\t\t\t\t\t\t\t\t\t\t\t<div class=\"clear\"><\/div>\n\t\t\t\t\t\t\t\t\t\t<\/div><!-- .gllr_image_row -->\n\t\t\t\t\t\t\t\t\t\t\t\t\t\t\t\t\t<\/div><!-- .gallery.clearfix -->\n\t\t\t\t\t\t\t\t\t\t\t\t\t\t<\/div><!-- .gallery_box_single -->\n\t\t\t\t\t\t<div class=\"gllr_clear\"><\/div>\n\t\t\t\t\t\t\n\n\n\n<p>&nbsp;<\/p>\n\n\n\n<address><span style=\"font-size: x-small;\">Derni\u00e8re r\u00e9vision de cette page : ao\u00fbt 2024.<br><\/span><span style=\"font-size: x-small;\">Responsable de la mise \u00e0 jour de cette page : Michel Gagn\u00e9.&nbsp;<\/span><\/address>\n","protected":false},"excerpt":{"rendered":"<p>Un second souffle pour&nbsp;le mat\u00e9riel informatique d\u00e9laiss\u00e9 par leur premier acheteur Les \u00e9quipements informatiques ont envahi nos lieux de travail et nos maisons dans les derni\u00e8res d\u00e9cennies. Compte tenu de l\u2019\u00e9volution rapide du mat\u00e9riel et des logiciels, l\u2019obsolescence rattrape rapidement nos appareils. Dans plusieurs cas, des ordinateurs sont pouss\u00e9s vers le trottoir bien qu\u2019ils ne &hellip; <a href=\"https:\/\/cimbcc.org\/test2\/gallery\/benevoles_soutien_a_la_recuperation\/\" class=\"more-link\">Continuer la lecture de <span class=\"screen-reader-text\">B\u00e9n\u00e9voles_Soutien_\u00e0_la_r\u00e9cup\u00e9ration<\/span>  <span class=\"meta-nav\">&rarr;<\/span><\/a><\/p>\n","protected":false},"author":33,"featured_media":0,"parent":252,"menu_order":50,"comment_status":"closed","ping_status":"closed","template":"","meta":{"footnotes":""},"class_list":["post-7046","page","type-page","status-publish","hentry"],"_links":{"self":[{"href":"https:\/\/cimbcc.org\/test2\/wp-json\/wp\/v2\/pages\/7046","targetHints":{"allow":["GET"]}}],"collection":[{"href":"https:\/\/cimbcc.org\/test2\/wp-json\/wp\/v2\/pages"}],"about":[{"href":"https:\/\/cimbcc.org\/test2\/wp-json\/wp\/v2\/types\/page"}],"author":[{"embeddable":true,"href":"https:\/\/cimbcc.org\/test2\/wp-json\/wp\/v2\/users\/33"}],"replies":[{"embeddable":true,"href":"https:\/\/cimbcc.org\/test2\/wp-json\/wp\/v2\/comments?post=7046"}],"version-history":[{"count":80,"href":"https:\/\/cimbcc.org\/test2\/wp-json\/wp\/v2\/pages\/7046\/revisions"}],"predecessor-version":[{"id":53465,"href":"https:\/\/cimbcc.org\/test2\/wp-json\/wp\/v2\/pages\/7046\/revisions\/53465"}],"up":[{"embeddable":true,"href":"https:\/\/cimbcc.org\/test2\/wp-json\/wp\/v2\/pages\/252"}],"wp:attachment":[{"href":"https:\/\/cimbcc.org\/test2\/wp-json\/wp\/v2\/media?parent=7046"}],"curies":[{"name":"wp","href":"https:\/\/api.w.org\/{rel}","templated":true}]}}