{"id":7697,"date":"2013-10-31T20:18:18","date_gmt":"2013-11-01T01:18:18","guid":{"rendered":"https:\/\/cimbcc.org\/test2\/?page_id=7697"},"modified":"2025-05-30T05:43:55","modified_gmt":"2025-05-30T09:43:55","slug":"atelier-ipad-st-basile","status":"publish","type":"page","link":"https:\/\/cimbcc.org\/test2\/partage-de-connaissances\/les-ateliers\/atelier-ipad-st-basile\/","title":{"rendered":"iPad et iPhone &#8211; d\u00e9butant"},"content":{"rendered":"\n<p class=\"has-background\" style=\"background-color:#748de9;font-size:17px\"><mark style=\"background-color:rgba(0, 0, 0, 0)\" class=\"has-inline-color has-white-color\"><strong>CET ATELIER N\u2019EST PAS OFFERT \u00c0 L\u2019HIVER 2025<\/strong><\/mark><\/p>\n\n\n\n<h2 class=\"wp-block-heading\"><span style=\"color: #333399;\">\u00c0 qui s\u2019adresse l\u2019atelier<\/span><\/h2>\n\n\n\n<p class=\"has-text-align-left\"><span style=\"font-size: 14pt;\">Aux membres qui veulent se familiariser avec les fonctions de base d\u2019une tablette iPad et\/ou d&rsquo;un t\u00e9l\u00e9phone iPhone.<\/span><\/p>\n\n\n\n<h2 class=\"wp-block-heading\"><span style=\"color: #333399; font-size: 18pt;\">Description de l&rsquo;atelier<\/span><\/h2>\n\n\n\n<ul class=\"wp-block-list\">\n<li><span style=\"font-size: 14pt;\">Comprendre le fonctionnement du iPad et du iPhone.<\/span><\/li>\n\n\n\n<li><span style=\"font-size: 14pt;\">Conna\u00eetre les r\u00e9glages du iPad et du iPhone.<\/span><\/li>\n\n\n\n<li><span style=\"font-size: 14pt;\">Perfectionner votre utilisation des applications de base des deux appareils.<\/span><\/li>\n<\/ul>\n\n\n\n<h2 class=\"wp-block-heading\"><span style=\"color: #333399;\">Mat\u00e9riel utilis\u00e9<\/span><\/h2>\n\n\n\n<p><span style=\"font-size: 14pt;\">Vous devez avoir acc\u00e8s \u00e0 une tablette iPad et\/ou \u00e0 un t\u00e9l\u00e9phone iPhone, <strong>et<\/strong> \u00e0 un deuxi\u00e8me appareil (ordinateur portable ou de bureau, iPad ou Android).<\/span><\/p>\n\n\n\n<h2 class=\"wp-block-heading\"><span style=\"color: #333399;\">Pr\u00e9cisions<\/span><\/h2>\n\n\n\n<ul class=\"wp-block-list\">\n<li><span style=\"font-size: 14pt;\">Les r\u00e9unions <strong>iPad<\/strong> seront donn\u00e9es le <strong>mardi<\/strong> et les r\u00e9unions <strong>iPhone<\/strong> le <strong>jeudi<\/strong>.<\/span><\/li>\n\n\n\n<li><span style=\"font-size: 14pt;\">Lors de votre inscription, vous devez indiquer si vous participez aux r\u00e9unions iPad ou iPhone ou les deux.<\/span><\/li>\n\n\n\n<li><span style=\"font-size: 14pt;\">Lors de votre inscription, vous devez aussi fournir le <strong>Nom de mod\u00e8le<\/strong> ainsi que la <strong>version du logiciel<\/strong> de la tablette ou du t\u00e9l\u00e9phone que vous utiliserez lors des r\u00e9unions de l\u2019atelier.<\/span><\/li>\n\n\n\n<li><span style=\"font-size: 14pt;\">Vous trouverez ces informations dans les r\u00e9glages de votre appareil sous la rubrique G\u00e9n\u00e9ral \/ Informations.<\/span><\/li>\n\n\n\n<li><span style=\"font-size: 14pt;\">Cet atelier accepte un maximum de 20 participants pour chaque type d&rsquo;appareil.<\/span><\/li>\n<\/ul>\n\n\n\n<h2 class=\"wp-block-heading\"><span style=\"font-size: 14pt;\"><strong>Guide de l&rsquo;utilisateur pour l&rsquo;iPad et l&rsquo;iPhone<\/strong><\/span><\/h2>\n\n\n\n<p class=\"has-text-align-left\"><span style=\"font-size: 14pt;\">Cahier du participant &#8211;&nbsp; iPad et iPhone d\u00e9butant,&nbsp; &nbsp; &nbsp; &nbsp; &nbsp; &nbsp; &nbsp;&nbsp;&nbsp;&nbsp;<\/span><a href=\"https:\/\/cimbcc.org\/test2\/wp-content\/uploads\/divers_pdf_cahier_du_participant_atelier_ipad_iphone_debutant_hiver_2025.pdf\" target=\"_blank\" rel=\"noopener noreferrer\"><span style=\"font-size: 14pt;\"> T\u00e9l\u00e9chargez ici.<\/span><\/a><\/p>\n\n\n\n<p class=\"has-text-align-left\"><span style=\"font-size: 14pt;\">Pour un meilleur apprentissage, il est sugg\u00e9r\u00e9 d&rsquo;assister aux pr\u00e9sentations de la s\u00e9rie Facile.&nbsp; Pour atteindre le calendrier complet de la s\u00e9rie Facile,&nbsp;<a href=\"https:\/\/cimbcc.org\/test2\/wp-content\/uploads\/calendrier_serie_facile.pdf\" target=\"_blank\" rel=\"noopener noreferrer\">cliquez ici<\/a>&nbsp;.<\/span><\/p>\n\n\n\n<h2 class=\"wp-block-heading\"><span style=\"font-size: 18pt; color: #333399;\"><strong>Pr\u00e9requis<\/strong><\/span><\/h2>\n\n\n\n<ul class=\"wp-block-list\">\n<li><span style=\"font-size: 14pt;\">Avoir en sa possession une tablette iPad et\/ou un t\u00e9l\u00e9phone iPhone (quel que soit le mod\u00e8le).<\/span><\/li>\n\n\n\n<li><span style=\"font-size: 14pt;\">Avoir en sa possession un deuxi\u00e8me appareil (iPad, tablette Android, ordinateur portable ou de bureau) permettant d&rsquo;acc\u00e9der \u00e0 l&rsquo;atelier \u00e0 distance avec Zoom.<\/span><\/li>\n\n\n\n<li><span style=\"font-size: 14pt;\">Avoir install\u00e9 l&rsquo;application Zoom sur l&rsquo;appareil qui servira \u00e0 suivre l&rsquo;atelier.<\/span><\/li>\n\n\n\n<li><span style=\"font-size: 14pt;\">Avoir un lien Internet.<\/span><\/li>\n\n\n\n<li><span style=\"font-size: 14pt;\">Avoir une adresse de courrier \u00e9lectronique.<\/span><\/li>\n\n\n\n<li><span style=\"font-size: 14pt;\">Assister aux quatre r\u00e9unions de l\u2019atelier pour \u00e9viter que des absents posent des questions sur des sujets couverts dans une r\u00e9union pr\u00e9c\u00e9dente.<\/span><\/li>\n<\/ul>\n\n\n\n<h2 class=\"wp-block-heading\"><span style=\"font-size: 18pt; color: #333399;\"><strong>Fonctionnement<\/strong><\/span><\/h2>\n\n\n\n<p class=\"has-text-align-left\"><span style=\"font-size: 14pt;\">\u00c0 la fin de chaque r\u00e9union, l&rsquo;animateur donne des travaux aux participants. Il est important que les participants fassent ces travaux avant la r\u00e9union suivante afin de mettre en pratique&nbsp; les notions apprises.<\/span><\/p>\n\n\n\n<h2 class=\"wp-block-heading\"><span style=\"font-size: 18pt; color: #333399;\">Contenu des r\u00e9unions<\/span><\/h2>\n\n\n\n<p><span style=\"font-size: 14pt;\">\u00c0 l&rsquo;aide du guide de l&rsquo;utilisateur iPad et iPhone, nous d\u00e9couvrirons ensemble:<\/span><\/p>\n\n\n\n<ul class=\"wp-block-list\">\n<li><span style=\"font-size: 14pt;\">Les fonctionnalit\u00e9s de ces appareils;<\/span><\/li>\n\n\n\n<li><span style=\"font-size: 14pt;\">L&rsquo;utilisation des boutons, de l&rsquo;\u00e9cran d&rsquo;accueil et des diverses commandes;<\/span><\/li>\n\n\n\n<li><span style=\"font-size: 14pt;\">La signification des diff\u00e9rentes ic\u00f4nes;<\/span><\/li>\n\n\n\n<li><span style=\"font-size: 14pt;\">L&rsquo;ouverture, la fermeture et l&rsquo;organisation des applications fournies avec le iPad et le iPhone;<\/span><\/li>\n\n\n\n<li><span style=\"font-size: 14pt;\">La localisation et le fonctionnement des diff\u00e9rents claviers;<\/span><\/li>\n\n\n\n<li><span style=\"font-size: 14pt;\">La saisie de texte et l&rsquo;utilisation du dictionnaire.<\/span><\/li>\n\n\n\n<li><span style=\"font-size: 14pt;\">La sauvegarde avec iCloud;<\/span><\/li>\n\n\n\n<li><span style=\"font-size: 14pt;\">L&rsquo;utilisation de Safari pour naviguer sur le Web;<\/span><\/li>\n\n\n\n<li><span style=\"font-size: 14pt;\">Le zoom, le d\u00e9filement, l&rsquo;ouverture de plusieurs pages Web, la cr\u00e9ation de favoris;<\/span><\/li>\n\n\n\n<li><span style=\"font-size: 14pt;\">L&rsquo;organisation et l&rsquo;utilisation du courrier \u00e9lectronique, l&rsquo;ajout et l&rsquo;enregistrement de pi\u00e8ces jointes.<\/span><\/li>\n<\/ul>\n\n\n\n<p class=\"has-text-align-left\"><span style=\"font-size: 14pt;\">Les participants seront aussi invit\u00e9s \u00e0 transmettre \u00e0 l&rsquo;avance par courriel leurs questions, cela permettra \u00e0 l&rsquo;animateur de l&rsquo;atelier de trouver les r\u00e9ponses les plus appropri\u00e9es et de les communiquer lorsque le sujet sera abord\u00e9 au cours de la r\u00e9union suivante.<\/span><\/p>\n\n\n\n<h2 class=\"wp-block-heading\"><span style=\"font-size: 18pt; color: #333399;\">Quand<\/span><\/h2>\n\n\n\n<p><span style=\"font-size: 14pt;\">L&rsquo;atelier se compose de 4 r\u00e9unions de 2 heures par type d&rsquo;appareil.<\/span><\/p>\n\n\n\n<p><span style=\"font-size: 14pt;\">Pour les <strong>iPad<\/strong>, les r\u00e9unions auront lieu le <strong>mardi<\/strong> de 13h00 \u00e0 15h00, aux dates suivantes:<\/span><\/p>\n\n\n\n<ul class=\"wp-block-list\">\n<li><span style=\"font-size: 14pt;\">21 janvier 2025<\/span><\/li>\n\n\n\n<li><span style=\"font-size: 14pt;\">28 janvier 2025<\/span><\/li>\n\n\n\n<li><span style=\"font-size: 14pt;\">4 f\u00e9vrier 2025<\/span><\/li>\n\n\n\n<li><span style=\"font-size: 14pt;\">11 f\u00e9vrier 2025<\/span><\/li>\n<\/ul>\n\n\n\n<p><span style=\"font-size: 14pt;\">Pour les <strong>iPhone<\/strong>, les r\u00e9unions auront lieu le <strong>jeudi<\/strong> de 13h00 \u00e0 15h00, aux dates suivantes:<\/span><\/p>\n\n\n\n<ul class=\"wp-block-list\">\n<li><span style=\"font-size: 14pt;\">23 janvier 2025<\/span><\/li>\n\n\n\n<li><span style=\"font-size: 14pt;\">30 janvier 2025<\/span><\/li>\n\n\n\n<li><span style=\"font-size: 14pt;\">6 f\u00e9vrier 2025<\/span><\/li>\n\n\n\n<li><span style=\"font-size: 14pt;\">13 f\u00e9vrier 2025<\/span><\/li>\n<\/ul>\n\n\n\n<h2 class=\"wp-block-heading\"><span style=\"color: #333399;\">O<span style=\"font-size: 18pt;\"><strong>\u00f9<\/strong><\/span><\/span><\/h2>\n\n\n\n<p class=\"has-text-align-left\"><span style=\"font-size: 18.6667px;\">L&rsquo;atelier est donn\u00e9 en vid\u00e9oconf\u00e9rence avec l&rsquo;application Zoom.&nbsp; Vous recevrez un lien de connexion avant chaque r\u00e9union.<\/span><\/p>\n\n\n\n<p>Le bouton \u00ab\u00a0Inscription \u00e0 l&rsquo;atelier\u00a0\u00bb ci-dessous n&rsquo;est pas fonctionnel \u00e0 l&rsquo;ext\u00e9rieur des p\u00e9riodes d&rsquo;inscriptions aux ateliers.<\/p>\n\n\n\n<p><a href=\"https:\/\/cimbcc.org\/test2\/partage-de-connaissances\/les-ateliers\/atelier-ipad-st-basile\/formulaire-atelier-ipad-niveau-debutant-a-saint-basile\" target=\"_blank\" rel=\"noopener\"><button>Inscription \u00e0 l&rsquo;atelier<\/button><\/a><\/p>\n\n\n\n<h2 class=\"wp-block-heading\"><span style=\"font-size: 18pt; color: #333399;\"><strong>Responsable de l\u2019atelier<\/strong><\/span><\/h2>\n\n\n\t\t\t\t\t\t<div class=\"gallery_box_single\">\n\t\t\t\t\t\t\t\t\t\t\t\t\t\t\t<div class=\"gallery gllr_grid\" data-gllr-columns=\"100\" data-gllr-border-width=\"10\">\n\t\t\t\t\t\t\t\t\t\t\t\t\t\t\t\t\t\t\t\t<div class=\"gllr_image_row\">\n\t\t\t\t\t\t\t\t\t\t\t\t\t\t\t\t\t\t\t\t\t<div class=\"gllr_image_block\">\n\t\t\t\t\t\t\t\t\t\t\t\t<p style=\"\n\t\t\t\t\t\t\t\t\t\t\t\twidth:145px;height:145px;\t\t\t\t\t\t\t\t\t\t\t\t\">\n\t\t\t\t\t\t\t\t\t\t\t\t\t\t\t\t\t\t\t\t\t\t\t\t\t\t\t\t<a data-fancybox=\"gallery_fancybox_8011\" href=\"https:\/\/cimbcc.org\/test2\/wp-content\/uploads\/photo_pepin_yves.jpg\" title=\"Yves P\u00e9pin\" >\n\t\t\t\t\t\t\t\t\t\t\t\t\t\t\t\t<img decoding=\"async\" width=&quot;125&quot; height=&quot;125&quot; style=\"width:125px; height:125px; border-width: 10px; border-color:#f1f1f1;border: 10px solid #f1f1f1\" alt=\"\" title=\"Yves P\u00e9pin\" src=\"https:\/\/cimbcc.org\/test2\/wp-content\/uploads\/photo_pepin_yves.jpg\" rel=\"https:\/\/cimbcc.org\/test2\/wp-content\/uploads\/photo_pepin_yves.jpg\" \/>\t\t\t\t\t\t\t\t\t\t\t\t\t\t\t<\/a>\n\t\t\t\t\t\t\t\t\t\t\t\t\t\t\t\t\t\t\t\t\t\t\t\t\t\t<\/p>\n\t\t\t\t\t\t\t\t\t\t\t\t\t\t\t\t\t\t\t\t\t\t\t\t\t<div \n\t\t\t\t\t\t\t\t\t\t\t\t\tstyle=\"width:145px;\"\t\t\t\t\t\t\t\t\t\t\t\t\tclass=\"gllr_single_image_text gllr_single_image_text_under\">Yves P\u00e9pin&nbsp;<\/div>\n\t\t\t\t\t\t\t\t\t\t\t\t\t\t\t\t\t\t\t\t\t\t\t<\/div><!-- .gllr_image_block -->\n\t\t\t\t\t\t\t\t\t\t\t\t\t\t\t\t\t\t\t\t\t<div class=\"clear\"><\/div>\n\t\t\t\t\t\t\t\t\t\t<\/div><!-- .gllr_image_row -->\n\t\t\t\t\t\t\t\t\t\t\t\t\t\t\t\t\t<\/div><!-- .gallery.clearfix -->\n\t\t\t\t\t\t\t\t\t\t\t\t\t\t<\/div><!-- .gallery_box_single -->\n\t\t\t\t\t\t<div class=\"gllr_clear\"><\/div>\n\t\t\t\t\t\t\n\n\n\n<p>&nbsp;<\/p>\n\n\n\n<p class=\"has-small-font-size\"><span style=\"font-size: x-small;\">Derni\u00e8re r\u00e9vision de cette page : novembre 2024. <\/span><\/p>\n\n\n\n<p class=\"has-small-font-size\"><span style=\"font-size: x-small;\">Responsable de la mise \u00e0 jour de cette page : Danielle Barab\u00e9.<\/span><\/p>\n\n\n\n<h3 class=\"wp-block-heading\">&nbsp;<\/h3>\n\n\n\n<p><\/p>\n","protected":false},"excerpt":{"rendered":"<p>CET ATELIER N\u2019EST PAS OFFERT \u00c0 L\u2019HIVER 2025 \u00c0 qui s\u2019adresse l\u2019atelier Aux membres qui veulent se familiariser avec les fonctions de base d\u2019une tablette iPad et\/ou d&rsquo;un t\u00e9l\u00e9phone iPhone. Description de l&rsquo;atelier Mat\u00e9riel utilis\u00e9 Vous devez avoir acc\u00e8s \u00e0 une tablette iPad et\/ou \u00e0 un t\u00e9l\u00e9phone iPhone, et \u00e0 un deuxi\u00e8me appareil (ordinateur portable &hellip; <a href=\"https:\/\/cimbcc.org\/test2\/gallery\/atelier_ipad-debutant\/\" class=\"more-link\">Continuer la lecture de <span class=\"screen-reader-text\">Atelier_iPad-d\u00e9butant<\/span>  <span class=\"meta-nav\">&rarr;<\/span><\/a><\/p>\n","protected":false},"author":3,"featured_media":0,"parent":100,"menu_order":120,"comment_status":"closed","ping_status":"closed","template":"","meta":{"footnotes":""},"class_list":["post-7697","page","type-page","status-publish","hentry"],"_links":{"self":[{"href":"https:\/\/cimbcc.org\/test2\/wp-json\/wp\/v2\/pages\/7697","targetHints":{"allow":["GET"]}}],"collection":[{"href":"https:\/\/cimbcc.org\/test2\/wp-json\/wp\/v2\/pages"}],"about":[{"href":"https:\/\/cimbcc.org\/test2\/wp-json\/wp\/v2\/types\/page"}],"author":[{"embeddable":true,"href":"https:\/\/cimbcc.org\/test2\/wp-json\/wp\/v2\/users\/3"}],"replies":[{"embeddable":true,"href":"https:\/\/cimbcc.org\/test2\/wp-json\/wp\/v2\/comments?post=7697"}],"version-history":[{"count":201,"href":"https:\/\/cimbcc.org\/test2\/wp-json\/wp\/v2\/pages\/7697\/revisions"}],"predecessor-version":[{"id":53627,"href":"https:\/\/cimbcc.org\/test2\/wp-json\/wp\/v2\/pages\/7697\/revisions\/53627"}],"up":[{"embeddable":true,"href":"https:\/\/cimbcc.org\/test2\/wp-json\/wp\/v2\/pages\/100"}],"wp:attachment":[{"href":"https:\/\/cimbcc.org\/test2\/wp-json\/wp\/v2\/media?parent=7697"}],"curies":[{"name":"wp","href":"https:\/\/api.w.org\/{rel}","templated":true}]}}