{"id":9853,"date":"2014-08-16T07:58:07","date_gmt":"2014-08-16T12:58:07","guid":{"rendered":"https:\/\/cimbcc.org\/test2\/?page_id=9853"},"modified":"2025-05-30T05:40:27","modified_gmt":"2025-05-30T09:40:27","slug":"atelier-sur-la-tablette-ipad-niveau-intermediaire","status":"publish","type":"page","link":"https:\/\/cimbcc.org\/test2\/partage-de-connaissances\/les-ateliers\/atelier-sur-la-tablette-ipad-niveau-intermediaire\/","title":{"rendered":"iPad et iPhone &#8211; interm\u00e9diaire"},"content":{"rendered":"\n<p class=\"has-background\" style=\"background-color:#748de9;font-size:17px\"><mark style=\"background-color:rgba(0, 0, 0, 0)\" class=\"has-inline-color has-white-color\"><strong>CET ATELIER N\u2019EST PAS OFFERT \u00c0 L\u2019HIVER 2025<\/strong><\/mark><\/p>\n\n\n\n<h2 class=\"wp-block-heading\"><span style=\"color: #333399;\">\u00c0 qui s\u2019adresse l\u2019atelier<\/span><\/h2>\n\n\n\n<p class=\"has-text-align-left\"><span style=\"font-size: 14pt;\">Aux membres qui veulent faire le point sur leurs connaissances acquises de la tablette iPad et\/ou du t\u00e9l\u00e9phone iPhone.<\/span><\/p>\n\n\n\n<h2 class=\"wp-block-heading\"><span style=\"color: #333399;\">Description de l\u2019atelier<\/span><\/h2>\n\n\n\n<p><span style=\"font-size: 14pt;\">Poursuivre les apprentissages de fonctions plus sp\u00e9cifiques.<\/span><\/p>\n\n\n\n<h2 class=\"wp-block-heading\"><span style=\"color: #333399;\">Mat\u00e9riel utilis\u00e9<\/span><\/h2>\n\n\n\n<p><span style=\"font-size: 14pt;\">Vous devez avoir acc\u00e8s \u00e0 une tablette iPad et \/ou \u00e0 un t\u00e9l\u00e9phone iPhone et \u00e0 un ordinateur.<\/span><\/p>\n\n\n\n<h2 class=\"wp-block-heading\"><span style=\"color: #333399;\">Pr\u00e9cisions<\/span><\/h2>\n\n\n\n<ul class=\"wp-block-list\">\n<li><span style=\"font-size: 14pt;\">Les r\u00e9unions <strong>iPad<\/strong> seront donn\u00e9es le <strong>mardi<\/strong> et les r\u00e9unions <strong>iPhone<\/strong> le <strong>jeudi.<\/strong><\/span><\/li>\n\n\n\n<li><span style=\"font-size: 14pt;\">Lors de votre inscription, vous devez indiquer si vous participez aux r\u00e9unions iPad ou iPhone ou les deux.<\/span><\/li>\n\n\n\n<li><span style=\"font-size: 14pt;\">Lors de votre inscription, vous devez aussi fournir le <strong>Nom de mod\u00e8le<\/strong> ainsi que la <strong>version du logiciel<\/strong> de la tablette ou du t\u00e9l\u00e9phone que vous utiliserez lors des r\u00e9unions de l\u2019atelier.<\/span><\/li>\n\n\n\n<li><span style=\"font-size: 14pt;\">Vous trouverez ces informations dans les r\u00e9glages de votre appareil sous la rubrique G\u00e9n\u00e9ral \/ Informations.<\/span><\/li>\n\n\n\n<li><span style=\"font-size: 14pt;\">Cet atelier accepte un maximum de 20 participants pour chaque type d&rsquo;appareil.<\/span><\/li>\n<\/ul>\n\n\n\n<h3 class=\"wp-block-heading\"><strong>Guide de l&rsquo;utilisateur pour l&rsquo;iPad et l&rsquo;iPhone<\/strong><\/h3>\n\n\n\n<ul class=\"wp-block-list\">\n<li><span style=\"font-size: 14pt;\">Cahier du participant &#8211;\u00a0 iPad\/iPhone interm\u00e9diaire.\u00a0 \u00a0\u00a0 \u00a0<span style=\"font-size: 12pt;\"><a href=\"https:\/\/cimbcc.org\/test2\/wp-content\/uploads\/divers_pdf_cahier_du_participant_atelier_ipad_iphone_intermediaire_hiver_2025.pdf\" target=\"_blank\" rel=\"noopener noreferrer\">T\u00e9l\u00e9chargez ici<\/a><\/span><\/span><\/li>\n<\/ul>\n\n\n\n<h2 class=\"wp-block-heading\"><span style=\"color: #333399;\">Pr\u00e9requis<\/span><\/h2>\n\n\n\n<ul class=\"wp-block-list\">\n<li><span style=\"font-size: 14pt;\">Avoir particip\u00e9 aux r\u00e9unions de l\u2019un des ateliers iPad et ou iPhone &#8211;\u00a0 d\u00e9butant, donn\u00e9s aux sessions pr\u00e9c\u00e9dentes.<\/span><\/li>\n\n\n\n<li><span style=\"font-size: 14pt;\">Avoir en sa possession un deuxi\u00e8me appareil (iPad, tablette Android, ordinateur portable ou de bureau) permettant d&rsquo;acc\u00e9der \u00e0 l&rsquo;atelier \u00e0 distance avec Zoom.<\/span><\/li>\n\n\n\n<li><span style=\"font-size: 14pt;\">Avoir install\u00e9 l&rsquo;application Zoom sur l&rsquo;appareil qui servira \u00e0 suivre l&rsquo;atelier.<\/span><\/li>\n\n\n\n<li><span style=\"font-size: 14pt;\">Cet atelier accepte un maximum de 20 participants pour chaque type d&rsquo;appareil.<\/span><\/li>\n<\/ul>\n\n\n\n<h2 class=\"wp-block-heading\"><span style=\"color: #333399;\">Fonctionnement<\/span><\/h2>\n\n\n\n<p><span style=\"font-size: 14pt;\">L\u2019apprentissage se fera dans le cadre de r\u00e9unions d\u2019exp\u00e9rimentation.<\/span><\/p>\n\n\n\n<h2 class=\"wp-block-heading\"><span style=\"color: #333399;\">Contenu des r\u00e9unions<\/span><\/h2>\n\n\n\n<h4 class=\"wp-block-heading\"><span style=\"font-size: 14pt;\">R\u00e9union 1<\/span><\/h4>\n\n\n\n<ul class=\"wp-block-list\">\n<li><span style=\"font-size: 14pt;\">Faire le point sur les connaissances d\u00e9j\u00e0 acquises par les participants, r\u00e9pondre aux questions re\u00e7ues de ces derniers.<\/span><\/li>\n\n\n\n<li><span style=\"font-size: 14pt;\">Utilisation du mode multit\u00e2che, personnalisation du centre de contr\u00f4le et de l&rsquo;affichage du jour.<\/span><\/li>\n\n\n\n<li><span style=\"font-size: 14pt;\">Apprendre \u00e0 conna\u00eetre et \u00e0 g\u00e9rer le contenu du iPad et du iPhone et \u00e0 utiliser les espaces m\u00e9moire auxiliaires (iCloud,\u00a0 cl\u00e9s USB Flash Drive, etc.).<\/span><\/li>\n\n\n\n<li><span style=\"font-size: 14pt;\">Apprivoiser les diff\u00e9rents types de c\u00e2ble et d&rsquo;\u00e9quipement de recharge.<\/span><\/li>\n<\/ul>\n\n\n\n<h4 class=\"wp-block-heading\"><span style=\"font-size: 14pt;\">R\u00e9union 2<\/span><\/h4>\n\n\n\n<p><span style=\"font-size: 14pt;\">&nbsp; Optimiser l&rsquo;utilisation&nbsp; de l&rsquo;application&nbsp; <strong>Appareil photo&nbsp;&nbsp;&nbsp;&nbsp;&nbsp;<\/strong><\/span><\/p>\n\n\n\n<ul class=\"wp-block-list\">\n<li>\n<ul class=\"wp-block-list\">\n<li><span style=\"font-size: 14pt;\">Mode photo, carr\u00e9, panoramique, vid\u00e9o ou photos en rafale.<\/span><\/li>\n\n\n\n<li><span style=\"font-size: 14pt;\">Emploi du mode HDR (plage dynamique \u00e9tendue).<\/span><\/li>\n\n\n\n<li><span style=\"font-size: 14pt;\">Grille de cadrage, zoom, luminosit\u00e9, retardateur.<\/span><\/li>\n\n\n\n<li><span style=\"font-size: 14pt;\">Autoportrait, capture d&rsquo;\u00e9cran.<\/span><\/li>\n\n\n\n<li><span style=\"font-size: 14pt;\">Traduction d&rsquo;un texte dans le viseur de l&rsquo;appareil photo;<\/span><\/li>\n\n\n\n<li><span style=\"font-size: 14pt;\">Am\u00e9lioration des photos d\u00e9j\u00e0 prises.<\/span><\/li>\n<\/ul>\n<\/li>\n<\/ul>\n\n\n\n<h4 class=\"wp-block-heading\"><span style=\"font-size: 14pt;\">R\u00e9union 3<\/span><\/h4>\n\n\n\n<p><span style=\"font-size: 14pt;\">&nbsp; Optimiser l&rsquo;utilisation de l&rsquo;application <strong>Photo&nbsp;<\/strong><\/span><\/p>\n\n\n\n<ul class=\"wp-block-list\">\n<li>\n<ul class=\"wp-block-list\">\n<li><span style=\"font-size: 14pt;\">Enregistrement de photos \u00e0 partir de courriels, de pages web.<\/span><\/li>\n\n\n\n<li><span style=\"font-size: 14pt;\">Regroupement des photos par date, par lieux, par personne.<\/span><\/li>\n\n\n\n<li><span style=\"font-size: 14pt;\">Recherche et fusion des photos en doubles.<\/span><\/li>\n\n\n\n<li><span style=\"font-size: 14pt;\">Retouche de photos Lives et des photos prises en rafale.<\/span><\/li>\n\n\n\n<li><span style=\"font-size: 14pt;\">S\u00e9paration du sujet principal de l&rsquo;arri\u00e8re-plan d&rsquo;une photo.<\/span><\/li>\n\n\n\n<li><span style=\"font-size: 14pt;\">Partage de photos iCloud, Air Drop.<\/span><\/li>\n\n\n\n<li><span style=\"font-size: 14pt;\">Cr\u00e9ation d&rsquo;albums photos, de photos souvenirs avec arri\u00e8re-plan d&rsquo;ambiance.<\/span><\/li>\n\n\n\n<li><span style=\"font-size: 14pt;\">Montage et pr\u00e9sentation de diaporamas de photos.<\/span><\/li>\n\n\n\n<li><span style=\"font-size: 14pt;\">Impression de photos.<\/span><\/li>\n<\/ul>\n<\/li>\n<\/ul>\n\n\n\n<h4 class=\"wp-block-heading\"><span style=\"font-size: 14pt;\">R\u00e9union 4<\/span><\/h4>\n\n\n\n<p><span style=\"font-size: 14pt;\">Organiser des fichiers dans l&rsquo;application <strong>Fichier<\/strong>.<\/span><\/p>\n\n\n\n<ul class=\"wp-block-list\">\n<li>\n<ul class=\"wp-block-list\">\n<li><span style=\"font-size: 14pt;\">Utiliser la Num\u00e9risation d&rsquo;un texte.<\/span><\/li>\n\n\n\n<li><span style=\"font-size: 14pt;\">Enregistrer, copier ou d\u00e9placer des textes sur le iPad ou le iPhone, vers iCloud drive ou une cl\u00e9 USB.<\/span><\/li>\n<\/ul>\n<\/li>\n<\/ul>\n\n\n\n<p><span style=\"font-size: 14pt;\">Ajouter ou modifier des informations dans vos contacts et votre calendrier;<\/span><\/p>\n\n\n\n<ul class=\"wp-block-list\">\n<li>\n<ul class=\"wp-block-list\">\n<li><span style=\"font-size: 14pt;\">Ajouter des nouvelles informations \u00e0 partir d&rsquo;un message re\u00e7u.<\/span><\/li>\n\n\n\n<li><span style=\"font-size: 14pt;\">Ajouter les photos de vos contacts.<\/span><\/li>\n<\/ul>\n<\/li>\n<\/ul>\n\n\n\n<p><span style=\"font-size: 14pt;\">Filtrer l&rsquo;acc\u00e8s \u00e0 votre messagerie;<\/span><\/p>\n\n\n\n<ul class=\"wp-block-list\">\n<li>\n<ul class=\"wp-block-list\">\n<li><span style=\"font-size: 14pt;\">Bloquer des num\u00e9ros, des contacts et des adresses de courriel.<\/span><\/li>\n\n\n\n<li><span style=\"font-size: 14pt;\">G\u00e9rer les num\u00e9ros, contacts et adresses courriel bloqu\u00e9s.<\/span><\/li>\n<\/ul>\n<\/li>\n<\/ul>\n\n\n\n<p><span style=\"font-size: 18pt; color: #333399;\"><strong>Quand<\/strong><\/span><\/p>\n\n\n\n<p><span style=\"font-size: 14pt;\">L&rsquo;atelier se compose de 4 r\u00e9unions de 2 heures par type d&rsquo;appareil.<\/span><\/p>\n\n\n\n<p><span style=\"font-size: 14pt;\">Pour les<strong> iPad<\/strong>, les r\u00e9unions auront lieu le <strong>mardi<\/strong> de 13h00 \u00e0 15h00, aux dates suivantes:<\/span><\/p>\n\n\n\n<ul class=\"wp-block-list\">\n<li><span style=\"font-size: 14pt;\">18 f\u00e9vrier 2025<\/span><\/li>\n\n\n\n<li><span style=\"font-size: 14pt;\">25 f\u00e9vrier 2025<\/span><\/li>\n\n\n\n<li><span style=\"font-size: 14pt;\">4 mars 2025<\/span><\/li>\n\n\n\n<li><span style=\"font-size: 14pt;\">11 mars 2025<\/span><\/li>\n<\/ul>\n\n\n\n<p><span style=\"font-size: 14pt;\">Pour les<strong> iPhone<\/strong>, les r\u00e9unions auront lieu le <strong>jeudi<\/strong> de 13h00 \u00e0 15h00, aux dates suivantes:<\/span><\/p>\n\n\n\n<ul class=\"wp-block-list\">\n<li><span style=\"font-size: 18.6667px;\">20 f\u00e9vrier 2025<\/span><\/li>\n\n\n\n<li><span style=\"font-size: 14pt;\">27 f\u00e9vrier 2025<\/span><\/li>\n\n\n\n<li><span style=\"font-size: 14pt;\">6 mars 2025<\/span><\/li>\n\n\n\n<li><span style=\"font-size: 14pt;\">13 mars 2025<\/span><\/li>\n<\/ul>\n\n\n\n<h2 class=\"wp-block-heading\"><span style=\"font-size: 18pt; color: #333399;\">O\u00f9<\/span><\/h2>\n\n\n\n<p><span style=\"font-size: 18.6667px;\">L&rsquo;atelier est donn\u00e9 en vid\u00e9oconf\u00e9rence avec l&rsquo;application Zoom.&nbsp; Vous recevrez un lien de connexion avant chaque r\u00e9union.<\/span><\/p>\n\n\n\n<p>Le bouton \u00ab\u00a0Inscription \u00e0 l&rsquo;atelier\u00a0\u00bb ci-dessous n&rsquo;est pas fonctionnel \u00e0 l&rsquo;ext\u00e9rieur des p\u00e9riodes d&rsquo;inscriptions aux ateliers.<\/p>\n\n\n\n<p><a href=\"https:\/\/cimbcc.org\/test2\/partage-de-connaissances\/les-ateliers\/atelier-sur-la-tablette-ipad-niveau-intermediaire\/formulaire-atelier-sur-la-tablette-ipad-niveau-intermediaire\" target=\"_blank\" rel=\"noopener\"><button>Inscription \u00e0 l&rsquo;atelier<\/button><\/a><\/p>\n\n\n\n<h2 class=\"wp-block-heading\"><span style=\"font-size: 18pt; color: #333399;\">Responsable de l&rsquo;atelier<\/span><\/h2>\n\n\n\t\t\t\t\t\t<div class=\"gallery_box_single\">\n\t\t\t\t\t\t\t\t\t\t\t\t\t\t\t<div class=\"gallery gllr_grid\" data-gllr-columns=\"100\" data-gllr-border-width=\"10\">\n\t\t\t\t\t\t\t\t\t\t\t\t\t\t\t\t\t\t\t\t<div class=\"gllr_image_row\">\n\t\t\t\t\t\t\t\t\t\t\t\t\t\t\t\t\t\t\t\t\t<div class=\"gllr_image_block\">\n\t\t\t\t\t\t\t\t\t\t\t\t<p style=\"\n\t\t\t\t\t\t\t\t\t\t\t\twidth:145px;height:145px;\t\t\t\t\t\t\t\t\t\t\t\t\">\n\t\t\t\t\t\t\t\t\t\t\t\t\t\t\t\t\t\t\t\t\t\t\t\t\t\t\t\t<a data-fancybox=\"gallery_fancybox_7880\" href=\"https:\/\/cimbcc.org\/test2\/wp-content\/uploads\/photo_pepin_yves.jpg\" title=\"Yves P\u00e9pin\" >\n\t\t\t\t\t\t\t\t\t\t\t\t\t\t\t\t<img decoding=\"async\" width=&quot;125&quot; height=&quot;125&quot; style=\"width:125px; height:125px; border-width: 10px; border-color:#f1f1f1;border: 10px solid #f1f1f1\" alt=\"\" title=\"Yves P\u00e9pin\" src=\"https:\/\/cimbcc.org\/test2\/wp-content\/uploads\/photo_pepin_yves.jpg\" rel=\"https:\/\/cimbcc.org\/test2\/wp-content\/uploads\/photo_pepin_yves.jpg\" \/>\t\t\t\t\t\t\t\t\t\t\t\t\t\t\t<\/a>\n\t\t\t\t\t\t\t\t\t\t\t\t\t\t\t\t\t\t\t\t\t\t\t\t\t\t<\/p>\n\t\t\t\t\t\t\t\t\t\t\t\t\t\t\t\t\t\t\t\t\t\t\t\t\t<div \n\t\t\t\t\t\t\t\t\t\t\t\t\tstyle=\"width:145px;\"\t\t\t\t\t\t\t\t\t\t\t\t\tclass=\"gllr_single_image_text gllr_single_image_text_under\">Yves P\u00e9pin&nbsp;<\/div>\n\t\t\t\t\t\t\t\t\t\t\t\t\t\t\t\t\t\t\t\t\t\t\t<\/div><!-- .gllr_image_block -->\n\t\t\t\t\t\t\t\t\t\t\t\t\t\t\t\t\t\t\t\t\t<div class=\"clear\"><\/div>\n\t\t\t\t\t\t\t\t\t\t<\/div><!-- .gllr_image_row -->\n\t\t\t\t\t\t\t\t\t\t\t\t\t\t\t\t\t<\/div><!-- .gallery.clearfix -->\n\t\t\t\t\t\t\t\t\t\t\t\t\t\t<\/div><!-- .gallery_box_single -->\n\t\t\t\t\t\t<div class=\"gllr_clear\"><\/div>\n\t\t\t\t\t\t\n\n\n\n<hr class=\"wp-block-separator has-alpha-channel-opacity\"\/>\n\n\n\n<p><span style=\"font-size: x-small;\">Derni\u00e8re r\u00e9vision de cette page : novembre<\/span><span style=\"font-size: x-small;\"> 2024. <\/span><span style=\"font-size: x-small;\">Responsable de la mise \u00e0 jour de cette page : Danielle Barab\u00e9.<\/span><\/p>\n\n\n\n<h3 class=\"wp-block-heading\">&nbsp;<\/h3>\n","protected":false},"excerpt":{"rendered":"<p>CET ATELIER N\u2019EST PAS OFFERT \u00c0 L\u2019HIVER 2025 \u00c0 qui s\u2019adresse l\u2019atelier Aux membres qui veulent faire le point sur leurs connaissances acquises de la tablette iPad et\/ou du t\u00e9l\u00e9phone iPhone. Description de l\u2019atelier Poursuivre les apprentissages de fonctions plus sp\u00e9cifiques. Mat\u00e9riel utilis\u00e9 Vous devez avoir acc\u00e8s \u00e0 une tablette iPad et \/ou \u00e0 un &hellip; <a href=\"https:\/\/cimbcc.org\/test2\/gallery\/atelier_ipad-intermediaire\/\" class=\"more-link\">Continuer la lecture de <span class=\"screen-reader-text\">Atelier_iPad-interm\u00e9diaire<\/span>  <span class=\"meta-nav\">&rarr;<\/span><\/a><\/p>\n","protected":false},"author":23,"featured_media":0,"parent":100,"menu_order":140,"comment_status":"closed","ping_status":"closed","template":"","meta":{"footnotes":""},"class_list":["post-9853","page","type-page","status-publish","hentry"],"_links":{"self":[{"href":"https:\/\/cimbcc.org\/test2\/wp-json\/wp\/v2\/pages\/9853","targetHints":{"allow":["GET"]}}],"collection":[{"href":"https:\/\/cimbcc.org\/test2\/wp-json\/wp\/v2\/pages"}],"about":[{"href":"https:\/\/cimbcc.org\/test2\/wp-json\/wp\/v2\/types\/page"}],"author":[{"embeddable":true,"href":"https:\/\/cimbcc.org\/test2\/wp-json\/wp\/v2\/users\/23"}],"replies":[{"embeddable":true,"href":"https:\/\/cimbcc.org\/test2\/wp-json\/wp\/v2\/comments?post=9853"}],"version-history":[{"count":169,"href":"https:\/\/cimbcc.org\/test2\/wp-json\/wp\/v2\/pages\/9853\/revisions"}],"predecessor-version":[{"id":53730,"href":"https:\/\/cimbcc.org\/test2\/wp-json\/wp\/v2\/pages\/9853\/revisions\/53730"}],"up":[{"embeddable":true,"href":"https:\/\/cimbcc.org\/test2\/wp-json\/wp\/v2\/pages\/100"}],"wp:attachment":[{"href":"https:\/\/cimbcc.org\/test2\/wp-json\/wp\/v2\/media?parent=9853"}],"curies":[{"name":"wp","href":"https:\/\/api.w.org\/{rel}","templated":true}]}}